{"id":806,"date":"2024-02-15T18:59:40","date_gmt":"2024-02-15T18:59:40","guid":{"rendered":"https:\/\/stanahuja.tasnadi.group\/?page_id=806"},"modified":"2024-11-12T11:16:50","modified_gmt":"2024-11-12T10:16:50","slug":"resources","status":"publish","type":"page","link":"https:\/\/stanahuja.com\/hu\/resources\/","title":{"rendered":"Inform\u00e1ci\u00f3k"},"content":{"rendered":"<div data-elementor-type=\"wp-page\" data-elementor-id=\"806\" class=\"elementor elementor-806\" data-elementor-post-type=\"page\">\n\t\t\t\t<div class=\"elementor-element elementor-element-5480d9e e-flex e-con-boxed e-con e-parent\" data-id=\"5480d9e\" data-element_type=\"container\" data-e-type=\"container\" data-settings=\"{&quot;background_background&quot;:&quot;classic&quot;}\">\n\t\t\t\t\t<div class=\"e-con-inner\">\n\t\t<div class=\"elementor-element elementor-element-6bb7699 e-flex e-con-boxed e-con e-child\" data-id=\"6bb7699\" data-element_type=\"container\" data-e-type=\"container\">\n\t\t\t\t\t<div class=\"e-con-inner\">\n\t\t\t\t<div class=\"elementor-element elementor-element-181eb28 elementor-tabs-view-vertical elementor-widget elementor-widget-tabs\" data-id=\"181eb28\" data-element_type=\"widget\" data-e-type=\"widget\" id=\"h-tabs\" data-widget_type=\"tabs.default\">\n\t\t\t\t<div class=\"elementor-widget-container\">\n\t\t\t\t\t\t\t<div class=\"elementor-tabs\">\n\t\t\t<div class=\"elementor-tabs-wrapper\" role=\"tablist\" >\n\t\t\t\t\t\t\t\t\t<div id=\"elementor-tab-title-2521\" class=\"elementor-tab-title elementor-tab-desktop-title\" aria-selected=\"true\" data-tab=\"1\" role=\"tab\" tabindex=\"0\" aria-controls=\"elementor-tab-content-2521\" aria-expanded=\"false\">Tiszt\u00edt\u00e1si \u00fatmutat\u00f3<\/div>\n\t\t\t\t\t\t\t\t\t<div id=\"elementor-tab-title-2522\" class=\"elementor-tab-title elementor-tab-desktop-title\" aria-selected=\"false\" data-tab=\"2\" role=\"tab\" tabindex=\"-1\" aria-controls=\"elementor-tab-content-2522\" aria-expanded=\"false\">Garancia \u00e9s visszak\u00fcld\u00e9s<\/div>\n\t\t\t\t\t\t\t\t\t<div id=\"elementor-tab-title-2523\" class=\"elementor-tab-title elementor-tab-desktop-title\" aria-selected=\"false\" data-tab=\"3\" role=\"tab\" tabindex=\"-1\" aria-controls=\"elementor-tab-content-2523\" aria-expanded=\"false\">Adatv\u00e9delmi ir\u00e1nyelvek<\/div>\n\t\t\t\t\t\t\t\t\t<div id=\"elementor-tab-title-2524\" class=\"elementor-tab-title elementor-tab-desktop-title\" aria-selected=\"false\" data-tab=\"4\" role=\"tab\" tabindex=\"-1\" aria-controls=\"elementor-tab-content-2524\" aria-expanded=\"false\">Szab\u00e1szati szakkifejez\u00e9sek<\/div>\n\t\t\t\t\t\t\t\t\t<div id=\"elementor-tab-title-2525\" class=\"elementor-tab-title elementor-tab-desktop-title\" aria-selected=\"false\" data-tab=\"5\" role=\"tab\" tabindex=\"-1\" aria-controls=\"elementor-tab-content-2525\" aria-expanded=\"false\"><p id=\"faq\">GYIK<\/p><\/div>\n\t\t\t\t\t\t\t<\/div>\n\t\t\t<div class=\"elementor-tabs-content-wrapper\" role=\"tablist\" aria-orientation=\"vertical\">\n\t\t\t\t\t\t\t\t\t<div class=\"elementor-tab-title elementor-tab-mobile-title\" aria-selected=\"true\" data-tab=\"1\" role=\"tab\" tabindex=\"0\" aria-controls=\"elementor-tab-content-2521\" aria-expanded=\"false\">Tiszt\u00edt\u00e1si \u00fatmutat\u00f3<\/div>\n\t\t\t\t\t<div id=\"elementor-tab-content-2521\" class=\"elementor-tab-content elementor-clearfix\" data-tab=\"1\" role=\"tabpanel\" aria-labelledby=\"elementor-tab-title-2521\" tabindex=\"0\" hidden=\"false\"><h3 class=\"pia-focim\">Tiszt\u00edt\u00e1si \u00fatmutat\u00f3<\/h3><p class=\"res-alcim\">\u00d6LT\u00d6NY\u00d6K<\/p><p class=\"res-text\">A gyapj\u00fa haszn\u00e1lata \u00e9vezredes hagyom\u00e1nyra tekint vissza, nagyszer\u0171s\u00e9g\u00e9t azonban nem csak a t\u00f6rt\u00e9nelem igazolja. Mindazon fel\u00fcl, hogy term\u00e9szetes, \u00e1llati eredet\u0171 sz\u00e1lasanyag, ez\u00e1ltal meg\u00fajul\u00f3 \u00e9s biol\u00f3giailag leboml\u00f3, a gyapj\u00fa legkiemelked\u0151bb tulajdons\u00e1gai az egyed\u00fcl\u00e1ll\u00f3 h\u0151tart\u00e1sa, p\u00e1ra\u00e1tereszt\u0151 k\u00e9pess\u00e9ge. Gyakorlatilag v\u00edz\u00e1ll\u00f3, rendk\u00edv\u00fcl rugalmas \u00e9s k\u00f6nnyen form\u00e1zhat\u00f3 anyag, a haszn\u00e1lat sor\u00e1n keletkez\u0151 gy\u0171r\u0151d\u00e9sek magukt\u00f3l kisimulnak. K\u00f6nnyen szell\u0151zik, \u00edgy nem \u0151rzi meg a kellemetlen szagokat, ezen fel\u00fcl v\u00e9delmet ny\u00fajt a k\u00e1ros UV sug\u00e1rz\u00e1sokkal szemben. A gyapj\u00fa elektrosztatikusan nem t\u00f6lt\u0151dik, \u00edgy nem vonzza a port, ez\u00e9rt hipoallerg\u00e9n anyagk\u00e9nt tartjuk sz\u00e1mon. A hib\u00e1tlanul megtervezett, megfelel\u0151en karbantartott \u00f6lt\u00f6ny \u00f6r\u00f6k darab. A f\u00e9rfiak gyakran b\u00edzz\u00e1k ruh\u00e1ikat tiszt\u00edt\u00f3szalonokra, pedig kis odafigyel\u00e9ssel \u00e9s otthoni \u00e1pol\u00e1ssal meghosszabb\u00edthat\u00f3 a darabok \u00e9lettartama (a szalonokban alkalmazott vegyszeres tiszt\u00edt\u00e1s m\u00e1r r\u00f6vid id\u0151 ut\u00e1n is l\u00e1tv\u00e1nyosan roncsolja az anyagot, a ruha pedig elveszti form\u00e1j\u00e1t).<\/p><p class=\"res-text\">Az al\u00e1bb felsorolt l\u00e9p\u00e9sek betart\u00e1s\u00e1val megel\u0151zheted ruh\u00e1id id\u0151 el\u0151tti elhaszn\u00e1l\u00f3d\u00e1s\u00e1t \u00e9s a lehet\u0151 legtov\u00e1bb \u0151rizheted meg hib\u00e1tlan \u00e1llapotukban azokat!<\/p><p class=\"res-text\">1. \u00d6lt\u00f6nyeid v\u00e1ltogasd s\u0171r\u0171n, ha lehet, ne viselj egy darabot kett\u0151n\u00e9l t\u00f6bbsz\u00f6r egy h\u00e9ten! A legjobb, ha k\u00e9t haszn\u00e1lat k\u00f6zt eltelik p\u00e1r nap: ez lehet\u0151v\u00e9 teszi, hogy az \u00f6lt\u00f6ny\u00f6d \u00fajra felvegye form\u00e1j\u00e1t \u00e9s kisimuljanak az \u00f6sszer\u00e1ncol\u00f3dott r\u00e9szek is.<\/p><p class=\"res-text\">2. Minden \u00f6lt\u00f6nyh\u00f6z lehet\u0151s\u00e9g szerint legyen t\u00f6bb, ahhoz ill\u0151 nadr\u00e1god: mivel a nadr\u00e1gok \u00e9lettartama r\u00f6videbb, gyorsabban haszn\u00e1l\u00f3dnak, \u00edgy a legjobb, ha azokat is rot\u00e1ci\u00f3ban hordod!<\/p><p class=\"res-text\">3. Visel\u00e9s ut\u00e1n ruhatiszt\u00edt\u00f3 ecsettel takar\u00edtsd le \u00f6lt\u00f6ny\u00f6d - ezzel megszabad\u00edtod a felesleges port\u00f3l \u00e9s szennyez\u0151d\u00e9sekt\u0151l, megel\u0151zve, hogy azok a sz\u00e1lak k\u00f6z\u00e9 iv\u00f3djanak.<\/p><p class=\"res-text\">4. Gondosan akasztd fel, k\u00fcl\u00f6n\u00f6sen a v\u00e1llr\u00e9szekre figyelj oda. Ahhoz, hogy a legtov\u00e1bb meg\u0151rizze alakj\u00e1t, haszn\u00e1lj sz\u00e9les v\u00e1llf\u00e1t. A nadr\u00e1got \u00e9l\u00e9re hajtva akasztd fel, hogy ne gy\u0171r\u0151dj\u00f6n!<\/p><p class=\"res-text\">5. Haszn\u00e1latot k\u00f6vet\u0151en szell\u0151ztesd \u00e1t \u00f6lt\u00f6ny\u00f6d! Akasztd fel egy v\u00e1llf\u00e1ra, majd hagyd legal\u00e1bb egy napra t\u00e1gas, szell\u0151s t\u00e9rben!<\/p><p class=\"res-text\">6. Az esetleges foltokat min\u00e9l hamarabb kezeld, ezzel megel\u0151zheted, hogy a szennyez\u0151d\u00e9s a sz\u00e1lak k\u00f6z\u00e9 iv\u00f3djon!<\/p><p class=\"res-text\">7. Ha fontos esem\u00e9nyre k\u00e9sz\u00fclsz, hozd be \u00fczleteink egyik\u00e9be \u00e9s mi felfriss\u00edtj\u00fck \u00f6lt\u00f6ny\u00f6d a t\u00f6k\u00e9letes megjelen\u00e9s \u00e9rdek\u00e9ben!<\/p><p class=\"res-text\">8. Ker\u00fcld a vegyszeres, sz\u00e1raz tiszt\u00edt\u00e1st! A magas h\u0151fokon alkalmazott vegyszeres tiszt\u00edt\u00e1st\u00f3l roncsol\u00f3dik a sz\u00f6vet, \u00e9vente legfeljebb k\u00e9tszer tiszt\u00edttasd, el\u0151tte pedig gy\u0151z\u0151dj meg arr\u00f3l, hogy \u00f6lt\u00f6ny\u00f6d hozz\u00e1\u00e9rt\u0151 kezekre b\u00edztad!<\/p><p class=\"res-text\">9. Ne g\u0151z\u00f6ld, illetve ne hagyd p\u00e1r\u00e1s helyen, p\u00e9ld\u00e1ul f\u00fcrd\u0151szob\u00e1ban! Lehet, hogy a r\u00e1ncok elt\u0171nnek r\u00f3la, de egy\u00fattal a form\u00e1j\u00e1t is elvesz\u00edtheti. A gyapj\u00fa speci\u00e1lis tulajdons\u00e1ga, hogy \u00e9veken \u00e1t meg\u0151rzi a bel\u0151le szabott form\u00e1t, a g\u0151z ellenben roncsolja az anyag rostjait, melyek emiatt meglazulnak \u00e9s elengednek. Ha szeretn\u00e9d kisim\u00edtani a r\u00e1ncokat \u00f6lt\u00f6ny\u00f6d\u00f6n, haszn\u00e1ld a CREASE RELEASE spray-t.<\/p><p class=\"res-text\">10. Mivel tested folyamatosan v\u00e1ltozik, ez\u00e9rt az \u00f6lt\u00f6ny\u00f6d is igaz\u00edtani kell hozz\u00e1d! Ha kicsinek \u00e9rzed vagy szor\u00edt, hozd be \u00fczlet\u00fcnkbe, \u00e9s m\u00e9retre igaz\u00edtjuk neked!<\/p><p class=\"res-text\">11. Ha utazol, mindenk\u00e9ppen haszn\u00e1lj ruhazs\u00e1kot, ezzel megel\u0151zheted, hogy a sz\u00f6vetek szennyez\u0151djenek vagy porosodjanak!<\/p><p class=\"res-cim\">Ingek<\/p><p class=\"res-text\">Az ingek eset\u00e9ben teljesen elegend\u0151 az otthoni, rutinos karbantart\u00e1s (g\u00e9pi mos\u00e1s, vasal\u00e1s). Sz\u00e1mos fontos l\u00e9p\u00e9s l\u00e9tezik, amelyek ugyan id\u0151ig\u00e9nyesebbek, viszont haszn\u00e1latukkal j\u00f3val tov\u00e1bb fenntarthat\u00f3 a darabok eredeti, \u00fajszer\u0171 \u00e1llapota. A mos\u00e1s \u00e9s vasal\u00e1s alapszab\u00e1lyainak betart\u00e1s\u00e1val elker\u00fclhet\u0151 a ruh\u00e1id id\u0151 el\u0151tti elhaszn\u00e1l\u00f3d\u00e1sa.<\/p><p class=\"res-text\">A gall\u00e9rok \u00e9s a mandzsett\u00e1k el\u0151kezel\u00e9st ig\u00e9nyelnek, ehhez a legjobb, ha Oxiclean foltelt\u00e1vol\u00edt\u00f3t haszn\u00e1lsz! G\u00e9pi mos\u00e1shoz v\u00e1laszd a k\u00edm\u00e9l\u0151 programot, ezt k\u00f6vet\u0151en pedig a legjobb, ha az ing v\u00e1llf\u00e1n sz\u00e1rad. A mos\u00f3g\u00e9pek sz\u00e1r\u00edt\u00f3 programja kifejezetten roncsolja az anyagot, \u00edgy, ha m\u00f3dod van r\u00e1, ink\u00e1bb ker\u00fcld haszn\u00e1lat\u00e1t!<\/p><p class=\"res-text\">Vasal\u00e1shoz haszn\u00e1lj g\u0151z\u00f6l\u0151s vasal\u00f3t, sz\u00fcks\u00e9g eset\u00e9n v\u00edzzel t\u00f6lt\u00f6tt k\u00e9zi permetez\u0151t. Ker\u00fcld a vegyi anyagokat tartalmaz\u00f3 folyad\u00e9kokat, mert azok kem\u00e9ny\u00edthetik az anyagot. Ha az inged b\u00e1rmely r\u00e9sz\u00e9t merevebb\u00e9 szeretn\u00e9d tenni, haszn\u00e1ld a \u2018The Laundress Stiffen Up\u2019 term\u00e9ket.<\/p><p class=\"res-text\">Ha az otthoni tiszt\u00edt\u00e1s rutinja nem \u00e1ll hozz\u00e1d k\u00f6zel, ink\u00e1bb a tiszt\u00edt\u00f3szalonok szolg\u00e1ltat\u00e1sait r\u00e9szes\u00edted el\u0151nyben, \u00e9rdemes figyelembe venned, hogy a vegytiszt\u00edt\u00e1s sor\u00e1n az anyagok jobban roncsol\u00f3dnak, \u00edgy azok gyakori alkalmaz\u00e1sa megr\u00f6vid\u00edti a term\u00e9k \u00e9lettartam\u00e1t. Ha teheted, ritk\u00e1bban vedd ig\u00e9nybe, v\u00e1laszd ink\u00e1bb a tiszt\u00edt\u00e1s otthon elv\u00e9gezhet\u0151 form\u00e1j\u00e1t!<\/p><p class=\"res-cim\">Zak\u00f3k<\/p><p class=\"res-text\">A zak\u00f3kat hasonl\u00f3k\u00e9ppen t\u00e1rold \u00e9s tiszt\u00edtsd, mint \u00f6lt\u00f6nyeid, err\u0151l r\u00e9szletes le\u00edr\u00e1st fentebb tal\u00e1lsz!<\/p><p class=\"res-text\">Cip\u0151k<\/p><p class=\"res-text\">A tiszta, \u00e1polt l\u00e1bbeli megker\u00fclhetetlen eleme a t\u00f6k\u00e9letes megjelen\u00e9snek. \u00cdme n\u00e9h\u00e1ny \u00f6tlet, hogyan \u00e1pold cip\u0151id!<\/p><p class=\"res-text\">Els\u0151 l\u00e9p\u00e9sben sz\u00fcks\u00e9ged lesz egy professzion\u00e1lis cip\u0151tiszt\u00edt\u00f3 k\u00e9szletre!<\/p><p class=\"res-text\">Mi a Saphir Medaille d\u2019Or k\u00e9szlet\u00e9t aj\u00e1nljuk, mert tartalmaz minden olyan eszk\u00f6zt, amire sz\u00fcks\u00e9ged lehet:<\/p><p class=\"res-text\">Saphir Renovateur - Ez a term\u00e9k a b\u0151r l\u00e1bbelik el\u0151k\u00e9sz\u00edt\u00e9s\u00e9hez sz\u00fcks\u00e9ges.<\/p><p class=\"res-text\">Saphir Cream Polish - Ennek a term\u00e9szetes alapanyagokb\u00f3l k\u00e9sz\u00fclt kr\u00e9mnek az alapja m\u00e9hviasz, ami rendk\u00edv\u00fcl sokoldal\u00faan alkalmazhat\u00f3: \u00fajra sz\u00ednez, f\u00e9nyez, valamint v\u00edzszigetel\u0151 hat\u00e1sa is van.<\/p><p class=\"res-text\">Saphir Pate De Luxe Wax Polish - Ez a wax h\u00e9t k\u00fcl\u00f6nb\u00f6z\u0151 viaszb\u00f3l, valamint organikus terpentinb\u0151l k\u00e9sz\u00fclt, haszn\u00e1lata felfriss\u00edti a sz\u00edneket, valamint hosszan tart\u00f3 f\u00e9nyt biztos\u00edt cip\u0151dnek.<\/p><p class=\"res-text\">Polishing Brush - A l\u00f3sz\u0151rb\u0151l k\u00e9sz\u00fclt ecsettel a sz\u00e1rad\u00e1st k\u00f6vet\u0151en megtiszt\u00edthatod cip\u0151d a marad\u00e9k viaszt\u00f3l \u00e9s kezel\u0151 olajokt\u00f3l<\/p><p class=\"res-text\">Soft cotton cloth - A cip\u0151pucol\u00f3 kr\u00e9m felvitel\u00e9hez sz\u00fcks\u00e9ges pamut rongy. Haszn\u00e1lhatsz helyette egy 15 cm sz\u00e9les darabokra v\u00e1gott r\u00e9gi inget is.<\/p><p class=\"res-text\">Cotton Chamois - A cip\u0151 t\u00fck\u00f6rf\u00e9nyez\u00e9s\u00e9hez haszn\u00e1lt kend\u0151.<\/p><p class=\"res-text\">Szabad\u00edts fel egy kis helyet lak\u00e1sodban a tiszt\u00edt\u00e1s megkezd\u00e9se el\u0151tt, ahol k\u00e9nyelmesen elf\u00e9rsz! A ter\u00fcletet bor\u00edtsd be \u00fajs\u00e1gpap\u00edrral, a szennyez\u0151d\u00e9s elker\u00fcl\u00e9se \u00e9rdek\u00e9ben! A tiszt\u00edt\u00e1s sor\u00e1n mindenk\u00e9ppen viselj keszty\u0171t, illetve k\u00f6t\u00e9nyt!<\/p><p class=\"res-text\">1. A folyamatot kezdd a cip\u0151 portalan\u00edt\u00e1s\u00e1val, ehhez haszn\u00e1lj ecsetet vagy rongyot!<\/p><p class=\"res-text\">2. T\u00e9gy egy kisebb pamut rongyra k\u00f6r\u00fclbel\u00fcl egy bors\u00f3nyi Saphir Renovateur-t, majd finoman, k\u00f6rk\u00f6r\u00f6s mozdulatokkal d\u00f6rzs\u00f6ld \u00e1t vele cip\u0151d fel\u00fclet\u00e9t! A viaszos b\u0151rb\u0151l k\u00e9sz\u00fclt l\u00e1bbelik \u00e1ltal\u00e1ban k\u00f6nnyebben repedeznek \u00e9s s\u00e9r\u00fcl\u00e9kenyebbek is, ez\u00e9rt el\u0151fordulhat, hogy azokat t\u00f6bbsz\u00f6r, alaposabban kell kezelned!<\/p><p class=\"res-text\">3. Hagyd sz\u00e1radni az agyagot legal\u00e1bb 4-5 percig! A kezel\u00e9snek akkor van v\u00e9ge, ha a cip\u0151d fel\u00fclete op\u00e1loss\u00e1 v\u00e1lt. Ezt k\u00f6vet\u0151en a fennmarad\u00f3 felesleges kezel\u0151 anyagokat a pol\u00edroz\u00f3 ecsettel t\u00e1vol\u00edtsd el!<\/p><p class=\"res-text\">4. Az eddig haszn\u00e1lt pamut rongy m\u00e1sik fel\u00e9vel vidd fel a pol\u00edroz\u00f3 kr\u00e9met a kezelni k\u00edv\u00e1nt fel\u00fcletre, szint\u00e9n k\u00f6rk\u00f6r\u00f6s, finom mozdulatokkal! Gy\u0151z\u0151dj meg r\u00f3la, hogy a sz\u00ednez\u0151 kr\u00e9m fed\u00e9sben van a cip\u0151d sz\u00edn\u00e9vel, ha nem vagy biztos benne, el\u0151sz\u00f6r kisebb fel\u00fcleten pr\u00f3b\u00e1ld ki (ha s\u00f6t\u00e9tebb sz\u00ednez\u0151 kr\u00e9mmel kezeled a cip\u0151d, mint annak eredeti sz\u00edne, a kr\u00e9m v\u00e9glegesen elsz\u00ednezheti a b\u0151rfel\u00fcletet, ez\u00e9rt \u00e9rdemes ink\u00e1bb a vil\u00e1gosabb kr\u00e9met v\u00e1lasztanod)!<\/p><p class=\"res-text\">5. 4-5 percig hagyd az anyagot sz\u00e1radni, majd a felesleges kr\u00e9met pol\u00edroz\u00f3 ecsettel t\u00e1vol\u00edtsd el!<br><br>\n\nHa cip\u0151dnek matt f\u00e9nyt szeretn\u00e9l, ism\u00e9teld meg a pol\u00edroz\u00f3 kr\u00e9m alkalmaz\u00e1s\u00e1t t\u00f6bbsz\u00f6r (maximum \u00f6tsz\u00f6r)! A sz\u00e1rad\u00e1st k\u00f6vet\u0151en, minden alkalommal t\u00f6r\u00f6ld le cip\u0151d fel\u00fclet\u00e9r\u0151l a marad\u00e9k kr\u00e9met!<br><br>\n\nA cip\u0151d f\u00e9nyez\u00e9s\u00e9hez \u00e9s v\u00edzhatlan\u00edt\u00e1shoz egyar\u00e1nt a Saphir Pate de Luxe viaszf\u00e9nyt haszn\u00e1ld! Az anyagot pamut ronggyal vidd fel a cip\u0151 fel\u00fclet\u00e9re, majd finom, k\u00f6rk\u00f6r\u00f6s mozdulatokkal, egyenletesen dolgozd el! Ezt k\u00f6vet\u0151en hagyd sz\u00e1radni 4-5 percig, majd tiszt\u00edt\u00f3 ecsettel t\u00e1vol\u00edtsd el a fennmaradt viaszf\u00e9nyt! Ezt a folyamatot egy alkalommal legfeljebb h\u00e1romszor ism\u00e9teld!\n<br><br>\nHa t\u00fck\u00f6rf\u00e9nyt szeretn\u00e9l el\u00e9rni, akkor a cip\u0151 l\u00e1bujj-\u00e9s sarok r\u00e9sz\u00e9n haszn\u00e1lj extra f\u00e9nyviaszt! Adj az anyaghoz egy p\u00e1r csepp vizet, majd k\u00f6rk\u00f6r\u00f6s mozdulatokkal oszlasd el az eml\u00edtett r\u00e9szeken! Hagyd megsz\u00e1radni, ezut\u00e1n a pamut chamois kend\u0151vel gyors, oldalaz\u00f3 mozdulatokkal dolgozd \u00e1t! A s\u00farl\u00f3d\u00e1sb\u00f3l ered\u0151 h\u0151t\u0151l a cip\u0151d t\u00fck\u00f6rf\u00e9nyes lesz. Ezt a l\u00e9p\u00e9st is megism\u00e9telheted, de mindig csak kis mennyis\u00e9g\u0171 viaszt alkalmazz!<\/p><p class=\"res-cim\">FOLTELT\u00c1VOL\u00cdT\u00c1S<\/p><p class=\"res-text\">Ha foltokr\u00f3l van sz\u00f3, \u00e9rdemes csak a bev\u00e1lt technik\u00e1kat alkalmazni (ne k\u00eds\u00e9rletezz olyan m\u00f3dszerekkel, amelyeknek eredm\u00e9ny\u00e9ben nem vagy teljesen biztos). Tapasztalataink alapj\u00e1n a legjobb foltelt\u00e1vol\u00edt\u00f3 The Laundress Stain Solution term\u00e9ke - ha sz\u00e1modra az nem el\u00e9rhet\u0151, \u00edme n\u00e9h\u00e1ny tan\u00e1cs, hogyan szabadulhatsz meg a nem k\u00edv\u00e1nt foltokt\u00f3l h\u00e1zilag (k\u00e9rj\u00fck, vedd figyelembe, hogy a le\u00edrt elj\u00e1r\u00e1sok legt\u00f6bbje csak g\u00e9pi mos\u00e1st megel\u0151z\u0151 el\u0151kezel\u00e9s, \u00edgy leggyakrabban ingeken alkalmazhat\u00f3ak. \u00d6lt\u00f6ny\u00f6kh\u00f6z, \u00f6lt\u00f6ny nadr\u00e1gokhoz, illetve azokhoz a darabokhoz, amelyeket nem lehet g\u00e9pben mosni, kiz\u00e1r\u00f3lag rongyot vagy szivacsot haszn\u00e1lj, ezekkel itasd fel a nedves foltokat, miel\u0151tt vegyszeres, sz\u00e1raz tiszt\u00edt\u00f3ba adn\u00e1d)!<\/p><p class=\"res-text\"><b>Ketchup:<\/b>\u00a0A ketchupot t\u00e1vol\u00edtsd el (kan\u00e1llal vagy k\u00e1rty\u00e1val) a ruh\u00e1r\u00f3l \u00fagy, hogy azon csak a hagyott folt maradjon. Ezt k\u00f6vet\u0151en mosogat\u00f3szeres hideg v\u00edzben \u00e1ztasd! Ha nem enyh\u00fcl a folt, feh\u00e9r ecettel itasd \u00e1t, majd v\u00edzzel \u00f6bl\u00edtsd \u00e1t!<\/p><p class=\"res-text\"><b>Tinta:<\/b>\u00a0Mos\u00e1s el\u0151tt f\u00fajd be hajlakkal vagy itasd \u00e1t alkohollal a foltot. Ezt k\u00f6vet\u0151en haszn\u00e1lj folttiszt\u00edt\u00f3t, majd csak ezut\u00e1n mosd g\u00e9pben!<\/p><p class=\"res-text\"><b>V\u00e9r:<\/b>Tartsd a sz\u00f6vetet hideg v\u00edz al\u00e1, mik\u00f6zben \u00f3vatosan k\u00e9t k\u00e9zzel \u00f6ssze d\u00f6rzs\u00f6l\u00f6d. Ne haszn\u00e1lj forr\u00f3 vizet, mert az maradand\u00f3 foltot hagy maga ut\u00e1n.<\/p><p class=\"res-text\"><b>Olajok:<\/b>\u00a0A sz\u00f6veten maradt olajat tiszta konyharuh\u00e1val vagy szalv\u00e9t\u00e1val itasd fel! Ezt k\u00f6vet\u0151en, keverj \u00f6ssze egy k\u00e1v\u00e9skan\u00e1l sz\u00f3dabikarb\u00f3n\u00e1t ugyanannyi kukoricakem\u00e9ny\u00edt\u0151vel, majd az egyveleget dolgozd a foltba, ezut\u00e1n mos\u00f3szerrel mosd ki. Ha a szennyez\u0151d\u00e9s nem t\u0171nt el, szivaccsal, n\u00e9h\u00e1ny csepp mosogat\u00f3szerrel d\u00f6rzs\u00f6ld \u00e1t \u00e9s mosd \u00fajra!<\/p><p class=\"res-text\"><b>Verejt\u00e9k:<\/b>\u00a0A ter\u00fcletet samponnal mosd \u00e1t, a legjobb, ha olyan sampont haszn\u00e1lsz a m\u0171velethez, ami nem tartalmaz extra kondicion\u00e1l\u00f3t (norm\u00e1l hajra aj\u00e1nlott sampon)! Ezut\u00e1n a ruhadarabot mos\u00f3g\u00e9pben mosd ki!<\/p><p class=\"res-text\"><b>V\u00f6r\u00f6s bor:<\/b>\u00a0Sz\u00e9nsavas \u00fcd\u00edt\u0151 (lehet\u0151leg sz\u00edntelen) \u00e9s s\u00f3 egyveleg\u00e9vel a v\u00f6r\u00f6s bor foltot k\u00f6nnyed\u00e9n feloldhatod!<\/p><p class=\"res-text\"><b>K\u00e1v\u00e9 \/ Tea:<\/b>\u00a0A foltot \u00f6bl\u00edtsd le feh\u00e9r ecettel vagy folttiszt\u00edt\u00f3 szerrel!<\/p><p class=\"res-text\"><b>F\u0171:<\/b>\u00a0A ter\u00fcletet egy \u00f3r\u00e1n \u00e1t \u00e1ztasd feh\u00e9r ecettel, ezt k\u00f6vet\u0151en mosd \u00e1t a foltot!<\/p><p class=\"res-text\"><b>Csokol\u00e1d\u00e9:<\/b>\u00a0T\u00e1vol\u00edtsd el az anyagon maradt csokol\u00e1d\u00e9t k\u00e9ssel vagy kan\u00e1llal! A foltt\u00f3l legegyszer\u0171bben egy ev\u0151kan\u00e1l Wisk folttiszt\u00edt\u00f3 por \u00e9s k\u00e9t cs\u00e9sze v\u00edz egyveleg\u00e9vel szabadulhatsz meg. Hagyd \u00e1llni az egyvelegben 20 percig, majd alaposan \u00f6bl\u00edtsd le. Ha sz\u00e1modra a term\u00e9k nem el\u00e9rhet\u0151, v\u00e1lassz k\u00f6zepes er\u0151ss\u00e9g\u0171 folttiszt\u00edt\u00f3 port, amelyb\u0151l k\u00e9sz\u00edts emulzi\u00f3t, a fent eml\u00edtett ar\u00e1nyok megtart\u00e1s\u00e1val!<\/p><p class=\"res-text\"><b>R\u00fazs:<\/b>\u00a0A r\u00fazst tompa, \u00e9letlen k\u00e9ssel vagy k\u00e1rty\u00e1val \u00f3vatosan kapard le! Ezut\u00e1n nedves t\u00f6rl\u0151kend\u0151vel d\u00f6rzs\u00f6ld \u00e1t a foltot, majd forr\u00f3 v\u00edzzel \u00f6bl\u00edtsd \u00e1t, hogy a marad\u00e9k olajat is feloldhasd!<\/p><p class=\"res-text\"><b>R\u00e1g\u00f3gumi:<\/b>\u00a0A r\u00e1g\u00f3gumit textilbe vagy zacsk\u00f3ba csomagolt j\u00e9ggel fagyaszd le, ezt k\u00f6vet\u0151en egyszer\u0171en ki tudod majd h\u00fazni azt!<\/p><\/div>\n\t\t\t\t\t\t\t\t\t<div class=\"elementor-tab-title elementor-tab-mobile-title\" aria-selected=\"false\" data-tab=\"2\" role=\"tab\" tabindex=\"-1\" aria-controls=\"elementor-tab-content-2522\" aria-expanded=\"false\">Garancia \u00e9s visszak\u00fcld\u00e9s<\/div>\n\t\t\t\t\t<div id=\"elementor-tab-content-2522\" class=\"elementor-tab-content elementor-clearfix\" data-tab=\"2\" role=\"tabpanel\" aria-labelledby=\"elementor-tab-title-2522\" tabindex=\"0\" hidden=\"hidden\"><div class=\"row\"><div class=\"col-12 col-md-8\"><div id=\"v-pills-tabContent\" class=\"tab-content\"><div id=\"v-pills-profile\" class=\"tab-pane fade active show\" role=\"tabpanel\" aria-labelledby=\"v-pills-profile-tab\"><h3 class=\"pia-focim\">Garancia \u00e9s visszak\u00fcld\u00e9s<\/h3><p class=\"res-alcim fw-bold\">ONLINE v\u00e1s\u00e1rl\u00e1s eset\u00e9n:<\/p><p class=\"res-text\">Term\u00e9szetesen j\u00f3t\u00e1ll\u00e1s vonatkozik minden online v\u00e1s\u00e1rolt term\u00e9kre, bele\u00e9rtve a k\u00e9sz-\u00e9s egyedi darabokat is. T\u00edz napon bel\u00fcl t\u00f6rt\u00e9n\u0151 visszak\u00fcld\u00e9s eset\u00e9n biztos\u00edtjuk a teljes \u00f6sszeg visszat\u00e9r\u00edt\u00e9s\u00e9t az \u00faj, nem haszn\u00e1lt \u00e1llapotban visszak\u00fcld\u00f6tt term\u00e9kekre. K\u00e9r\u00fcnk, hogy a term\u00e9ket c\u00edmk\u00e9vel \u00e9s eredeti csomagol\u00e1s\u00e1val, valamint az \u00e1tv\u00e9teli elismerv\u00e9nnyel \u00e9s a v\u00e1s\u00e1rl\u00e1st igazol\u00f3 nyugt\u00e1val egy\u00fctt, s\u00e9rtetlen \u00e1llapotban k\u00fcldd vissza! A term\u00e9k be\u00e9rkez\u00e9s\u00e9t k\u00f6vet\u0151en, a teljes \u00e1r visszafizet\u00e9s\u00e9t azonnal rendezz\u00fck, az \u00f6sszeg pedig a banki \u00e1tfut\u00e1si id\u0151t\u0151l f\u00fcgg\u0151en 3-10 napon bel\u00fcl v\u00e1lik sz\u00e1modra \u00fajra el\u00e9rhet\u0151v\u00e9. K\u00e9r\u00fcnk, hogy a visszak\u00fcld\u00e9si sz\u00e1nd\u00e9kod e-mailben, az <a href=\"mailto:info@stanahuja.com\">info@stanahuja.com<\/a> c\u00edmen el\u0151re jelezd fel\u00e9nk!<\/p><p class=\"res-cim\">\u00dczletben v\u00e1s\u00e1rolt term\u00e9kek visszak\u00fcld\u00e9se:<\/p><p class=\"res-text\">Egyedi, megrendel\u00e9sre k\u00e9sz\u00fclt term\u00e9kek: A szem\u00e9lyre szabott darabok egyedi param\u00e9terei miatt nem \u00e1ll m\u00f3dunkban visszafizetni a term\u00e9k \u00e1r\u00e1t. Ha m\u00e9gsem vagy el\u00e9gedett a v\u00e1s\u00e1rolt term\u00e9kkel, addig dolgozunk rajta, am\u00edg olyan darabot nem kapsz k\u00e9zhez, amilyet elk\u00e9pzelt\u00e9l. K\u00e9szterm\u00e9kek: a nem haszn\u00e1lt, s\u00e9rtetlen \u00e1llapot\u00fa term\u00e9kek teljes \u00e1r\u00e1t visszat\u00e9r\u00edtj\u00fck, amennyiben azokat eredeti \u00e1llapot\u00e1ban, c\u00edmk\u00e9vel \u00e9s csomagol\u00e1ssal egy\u00fctt t\u00edz napon bel\u00fcl visszak\u00fcld\u00f6d hozz\u00e1nk.<\/p><p class=\"res-cim\">Csere:<\/p><p class=\"res-text\">Az online \u00e9s \u00fczletben v\u00e1s\u00e1rolt darabok eset\u00e9ben is egyar\u00e1nt lehet\u0151s\u00e9ged van cser\u00e9re. Sz\u00e1nd\u00e9kodat k\u00e9rj\u00fck, el\u0151re jelezd e-mailben a <a href=\"mailto:info@stanahuja.com\">info@stanahuja.com<\/a> c\u00edmen, leveledben pedig \u00edrd meg azt is, hogy pontosan mire szeretn\u00e9d cser\u00e9lni a megv\u00e1s\u00e1rolt term\u00e9ket. A hazai rendel\u00e9sek visszak\u00fcld\u00e9se d\u00edjmentes, a nemzetk\u00f6zi rendel\u00e9sek visszak\u00fcld\u00e9si k\u00f6lts\u00e9g\u00e9t nem \u00e1ll m\u00f3dunkban fedezni.<\/p><\/div><\/div><\/div><\/div><\/div>\n\t\t\t\t\t\t\t\t\t<div class=\"elementor-tab-title elementor-tab-mobile-title\" aria-selected=\"false\" data-tab=\"3\" role=\"tab\" tabindex=\"-1\" aria-controls=\"elementor-tab-content-2523\" aria-expanded=\"false\">Adatv\u00e9delmi ir\u00e1nyelvek<\/div>\n\t\t\t\t\t<div id=\"elementor-tab-content-2523\" class=\"elementor-tab-content elementor-clearfix\" data-tab=\"3\" role=\"tabpanel\" aria-labelledby=\"elementor-tab-title-2523\" tabindex=\"0\" hidden=\"hidden\"><div class=\"row\"><div class=\"col-12 col-md-8\"><div id=\"v-pills-tabContent\" class=\"tab-content\"><div id=\"v-pills-profile\" class=\"tab-pane fade active show\" role=\"tabpanel\" aria-labelledby=\"v-pills-profile-tab\"><h3 class=\"pia-focim\">Adatv\u00e9delmi ir\u00e1nyelvek<\/h3><p class=\"res-text\">STAN AHUJA - Adatv\u00e9delemi nyilatkozat<\/p><p class=\"res-text\">Az al\u00e1bbi dokumentum ismerteti a www.stanahuja.com adatkezel\u00e9si ir\u00e1nyelveit, amelyek \u00e9rv\u00e9nyesek a c\u00e9g minden adatkezel\u00e9ssel kapcsolatos tev\u00e9kenys\u00e9g\u00e9re (r\u00e9szletesen felsorolva l\u00e1sd: 3. pont). Az adatkezel\u00e9si politika teljes m\u00e9rt\u00e9kben megfelel az adatkezel\u00e9ssel kapcsolatos jogszab\u00e1lyoknak, kialak\u00edt\u00e1sa sor\u00e1n az al\u00e1bbi jogszab\u00e1lyok rendelkez\u00e9seit vett\u00fck figyelembe:<\/p><p class=\"res-text\">2001. \u00e9vi CVIII. t\u00f6rv\u00e9ny \u2013 az elektronikus kereskedelmi szolg\u00e1ltat\u00e1sok, valamint az inform\u00e1ci\u00f3s t\u00e1rsadalommal \u00f6sszef\u00fcgg\u0151 szolg\u00e1ltat\u00e1sok egyes k\u00e9rd\u00e9seir\u0151l (Eker. tv.) 2008. \u00e9vi XLVIII. t\u00f6rv\u00e9ny \u2013 a gazdas\u00e1gi rekl\u00e1mtev\u00e9kenys\u00e9g alapvet\u0151 felt\u00e9teleir\u0151l \u00e9s egyes korl\u00e1tair\u00f3l (Grt.) 2011. \u00e9vi CXII. t\u00f6rv\u00e9ny \u2013 az inform\u00e1ci\u00f3s \u00f6nrendelkez\u00e9si jogr\u00f3l \u00e9s az inform\u00e1ci\u00f3szabads\u00e1gr\u00f3l (Info. tv.) az Eur\u00f3pai Parlament \u00e9s Tan\u00e1cs 2016\/679 rendelete (GDPR)<\/p><p class=\"res-text\">1. Az adatkezel\u0151 adatai\nStan Ahuja Couture Kft., 1060 Budapest, Andr\u00e1ssy \u00fat 38.\nC\u00e9gjegyz\u00e9ksz\u00e1m: 01-09-915723\nC\u00e9gjegyz\u00e9ket vezeti: F\u0151v\u00e1rosi B\u00edr\u00f3s\u00e1g, mint C\u00e9gb\u00edr\u00f3s\u00e1g\nAd\u00f3sz\u00e1m: 14698970-2-42\nTel.: +36 1 354 0195\nE-mail: info@stanahuja.com\nWeblap: stanahuja.com<\/p><p class=\"res-text\">2. Az adatfeldolgoz\u00f3 adatai\nStan Ahuja Couture Kft., 1060 Budapest, Andr\u00e1ssy \u00fat 38<\/p><p class=\"res-text\">3. A kezelt adatok k\u00f6re, az adatkezel\u00e9s c\u00e9lja, jogalapja, id\u0151tartama<\/p><p class=\"res-text\">3.1. A www.stanahuja.com weblapok l\u00e1togat\u00f3i\nA kezelt adatok: a l\u00e1togat\u00f3 szem\u00e9lyes adatainak azonos\u00edt\u00e1s\u00e1ra alkalmatlan m\u00f3don a d\u00e1tum \u00e9s id\u0151pont, a megnyitott oldalak, IP c\u00edm, a l\u00e1togat\u00f3 sz\u00e1m\u00edt\u00f3g\u00e9p be\u00e1ll\u00edt\u00e1saival kapcsolatos adatok (mint pl. b\u00f6ng\u00e9sz\u0151, oper\u00e1ci\u00f3s rendszer, k\u00e9perny\u0151felbont\u00e1s), a forr\u00e1s oldal, ahonnan \u00e1tkattintott a weblapra.\nAz adatkezel\u00e9s c\u00e9lja: Az adatkezel\u0151 \u00e1ltal napl\u00f3zott adatok kezel\u00e9se, valamint a cookie \u00e1ltal gy\u0171jt\u00f6tt felhaszn\u00e1l\u00f3i szok\u00e1sokr\u00f3l gy\u0171jt\u00f6tt inform\u00e1ci\u00f3kb\u00f3l nyert adatok kezel\u00e9se kiz\u00e1r\u00f3lag statisztikai c\u00e9lt szolg\u00e1l.\nAz adatkezel\u00e9s jogalapja: az \u00e9rintett hozz\u00e1j\u00e1rul\u00e1sa a cookie-k elfogad\u00e1s\u00e1val (GDPR) 6. cikk (1) a.) pontja, (2011. \u00e9vi CXII. Tv. 5. \u00a7 (1) a)).\nAz adatkezel\u00e9s id\u0151tartama: A napl\u00f3zott adatokat a rendszer \u2013 az utols\u00f3 l\u00e1togat\u00e1s d\u00e1tum\u00e1nak kiv\u00e9tel\u00e9vel, amelyet automatikusan fel\u00fcl\u00edr \u2013 a napl\u00f3z\u00e1s id\u0151pontj\u00e1t\u00f3l sz\u00e1m\u00edtott 30 napig t\u00e1rolja.<\/p><p class=\"res-text\">Cookie-k\nA Szolg\u00e1ltat\u00f3, illetve a megjel\u00f6lt k\u00fcls\u0151 szolg\u00e1ltat\u00f3k a testre szabott kiszolg\u00e1l\u00e1s \u00e9rdek\u00e9ben az \u00c9rintett sz\u00e1m\u00edt\u00f3g\u00e9p\u00e9n kis adatcsomagot, \u00fan. s\u00fctit (cookie) helyeznek el \u00e9s olvasnak vissza. Ha a b\u00f6ng\u00e9sz\u0151 visszak\u00fcld egy kor\u00e1bban elmentett s\u00fctit, a s\u00fctit kezel\u0151 szolg\u00e1ltat\u00f3nak lehet\u0151s\u00e9ge van \u00f6sszekapcsolni az \u00c9rintett aktu\u00e1lis l\u00e1togat\u00e1sai sor\u00e1n elmentett adatait a kor\u00e1bbiakkal, de kiz\u00e1r\u00f3lag a saj\u00e1t tartalma tekintet\u00e9ben.<\/p><p class=\"res-text\">A Szolg\u00e1ltat\u00f3 a k\u00f6vetkez\u0151 cookie-t haszn\u00e1lja:<\/p><p class=\"res-text\">- \u00c1tmeneti (session) cookie: a session cookie-k az \u00c9rintett l\u00e1togat\u00e1sa ut\u00e1n automatikusan t\u00f6rl\u0151dnek.<br \/>Ezek a cookie-k arra szolg\u00e1lnak, hogy a Szolg\u00e1ltat\u00f3 Honlapja hat\u00e9konyabban \u00e9s biztons\u00e1gosabban tudjon m\u0171k\u00f6dni, teh\u00e1t elengedhetetlenek ahhoz, hogy a Honlap egyes funkci\u00f3i vagy egyes alkalmaz\u00e1sok megfelel\u0151en tudjanak m\u0171k\u00f6dni.<br \/>- \u00c1lland\u00f3 (persistent) cookie: \u00e1lland\u00f3 cookie-t is haszn\u00e1l a Szolg\u00e1ltat\u00f3 a jobb felhaszn\u00e1l\u00f3i \u00e9lm\u00e9ny \u00e9rdek\u00e9ben (pl. optimaliz\u00e1lt navig\u00e1ci\u00f3 ny\u00fajt\u00e1sa). Ezek a cookie-k hosszabb ideig ker\u00fclnek t\u00e1rol\u00e1sra a b\u00f6ng\u00e9sz\u0151 cookie file-j\u00e1ban. Ennek id\u0151tartama att\u00f3l f\u00fcgg, hogy az \u00c9rintett az internetes b\u00f6ng\u00e9sz\u0151j\u00e9ben milyen be\u00e1ll\u00edt\u00e1st alkalmaz. A legt\u00f6bb b\u00f6ng\u00e9sz\u0151 men\u00fcsor\u00e1ban tal\u00e1lhat\u00f3 \u201eSeg\u00edts\u00e9g\u201d funkci\u00f3, t\u00e1j\u00e9koztat\u00e1st ny\u00fajt arra vonatkoz\u00f3an, hogy az \u00c9rintett saj\u00e1t b\u00f6ng\u00e9sz\u0151j\u00e9ben<br \/>- \u00c1lland\u00f3 (persistent) cookie: \u00e1lland\u00f3 cookie-t is haszn\u00e1l a Szolg\u00e1ltat\u00f3 a jobb felhaszn\u00e1l\u00f3i \u00e9lm\u00e9ny \u00e9rdek\u00e9ben (pl. optimaliz\u00e1lt navig\u00e1ci\u00f3 ny\u00fajt\u00e1sa). Ezek a cookie-k hosszabb ideig ker\u00fclnek t\u00e1rol\u00e1sra a b\u00f6ng\u00e9sz\u0151 cookie file-j\u00e1ban. Ennek id\u0151tartama att\u00f3l f\u00fcgg, hogy az \u00c9rintett az internetes b\u00f6ng\u00e9sz\u0151j\u00e9ben milyen be\u00e1ll\u00edt\u00e1st alkalmaz. A legt\u00f6bb b\u00f6ng\u00e9sz\u0151 men\u00fcsor\u00e1ban tal\u00e1lhat\u00f3 \u201eSeg\u00edts\u00e9g\u201d funkci\u00f3, t\u00e1j\u00e9koztat\u00e1st ny\u00fajt arra vonatkoz\u00f3an, hogy az \u00c9rintett saj\u00e1t b\u00f6ng\u00e9sz\u0151j\u00e9ben<br \/>- hogyan tudja letiltani a cookie-kat,<\/p><p class=\"res-text\">- hogyan fogadhat el \u00faj cookie-kat,<\/p><p class=\"res-text\">- hogyan adhat utas\u00edt\u00e1st b\u00f6ng\u00e9sz\u0151j\u00e9nek arra, hogy \u00faj cookie-t \u00e1ll\u00edtson be, vagy<\/p><p class=\"res-text\">- hogyan kapcsoljon ki egy\u00e9b cookie-kat.<\/p><p class=\"res-text\">Google Analytics \u00e1ltal elhelyezett cookie-k (s\u00fctik) A Google Analytics a Google Inc. (\u201eGoogle\u201d) elemz\u0151-szolg\u00e1ltat\u00e1sa. A Google Analytics a felhaszn\u00e1l\u00f3k sz\u00e1m\u00edt\u00f3g\u00e9p\u00e9n t\u00e1rolt cookie-k (s\u00fctik) seg\u00edts\u00e9g\u00e9vel elemzi a Honlapon l\u00e9trej\u00f6tt felhaszn\u00e1l\u00f3i interakci\u00f3kat. A webanalitikai c\u00e9l\u00fa adatkezel\u00e9s jogalapja a Honlap haszn\u00e1l\u00f3j\u00e1nak \u00f6nk\u00e9ntes hozz\u00e1j\u00e1rul\u00e1sa. Az analitikai c\u00e9l\u00fa cookie-k (s\u00fctik) anonimiz\u00e1lt \u00e9s aggreg\u00e1lt adatok, amelyek alapj\u00e1n a sz\u00e1m\u00edt\u00f3g\u00e9p beazonos\u00edt\u00e1sa neh\u00e9zkes, azonban az nem z\u00e1rhat\u00f3 ki.<\/p><p class=\"res-text\">A Google Analytics cookie-k (s\u00fctik) \u00e1ltal gy\u0171jt\u00f6tt analitikai inform\u00e1ci\u00f3k a Google szervereire ker\u00fclnek \u00e1tvitelre \u00e9s t\u00e1rol\u00e1sra. Ezeket az inform\u00e1ci\u00f3kat a Google a Honlap \u00fczemeltet\u0151j\u00e9nek megb\u00edz\u00e1s\u00e1b\u00f3l dolgozza fel, hogy ki\u00e9rt\u00e9kelje a felhaszn\u00e1l\u00f3k holnapl\u00e1togat\u00e1si szok\u00e1sait, riportokat \u00e1ll\u00edtson \u00f6ssze a Honlap haszn\u00e1lat\u00e1nak gyakoris\u00e1g\u00e1r\u00f3l, \u00e9s tov\u00e1bbi, a haszn\u00e1lattal \u00f6sszef\u00fcgg\u0151 szolg\u00e1ltat\u00e1sokat teljes\u00edtsen a Honlap \u00fczemeltet\u0151 fel\u00e9. A Google Analytics alkalmaz\u00e1s keret\u00e9ben \u2013 a b\u00f6ng\u00e9sz\u0151n kereszt\u00fcl tov\u00e1bb\u00edtott IP-c\u00edmet a Google nem kapcsolja \u00f6ssze m\u00e1s adatokkal.<\/p><p class=\"res-text\">A Google Analytics a k\u00f6vetkez\u0151 analitikai c\u00e9l\u00fa cookie-kat (s\u00fctiket) haszn\u00e1lja:<\/p><p class=\"res-text\">T\u00edpus: Nyomk\u00f6vet\u0151 s\u00fcti l\u00e1togat\u00e1s elemz\u00e9se v\u00e9gett (harmadik f\u00e9lt\u0151l sz\u00e1rmaz\u00f3)\nN\u00e9v: Google Analytics 4 - (_gtag) global site tag\nHozz\u00e1j\u00e1rul\u00e1s: Ig\u00e9nyel\nC\u00e9l: Az oldal haszn\u00e1lat\u00e1r\u00f3l gy\u0171jtenek inform\u00e1ci\u00f3kat, illetve a Felhaszn\u00e1l\u00f3 tev\u00e9kenys\u00e9g\u00e9r\u0151l. A honlap l\u00e1togat\u00e1sa sor\u00e1n harmadik szem\u00e9lyek (pl. Google) szolg\u00e1ltat\u00e1saihoz kapcsol\u00f3dik.\n\u00c9rv\u00e9nyess\u00e9g: 2 \u00e9v\nA Google \u00e1ltal haszn\u00e1lt cookie-kr\u00f3l (s\u00fctikr\u0151l) tov\u00e1bbi inform\u00e1ci\u00f3 megtekinthet\u0151 a k\u00f6vetkez\u0151 linken: https:\/\/www.google.com\/policies\/technologies\/ads\/\nA Google adatv\u00e9delmi nyilatkozata megtekinthet\u0151 az al\u00e1bbi linken: https:\/\/www.google.com\/intl\/hu\/policies\/privacy\/.\n<br><br>\n3.2. H\u00edrlev\u00e9l\n<br>\nA www.stanahuja.com weblapokon, illetve az Adatkezel\u0151 \u00fczleti partnereinek honlapjain t\u00f6rt\u00e9n\u0151 h\u00edrlev\u00e9l feliratkoz\u00e1s eset\u00e9n az al\u00e1bbi adatokat r\u00f6gz\u00edtj\u00fck: n\u00e9v, e-mail c\u00edm, feliratkoz\u00e1s d\u00e1tuma, feliratkoz\u00e1s IP c\u00edme, feliratkoz\u00e1s meger\u0151s\u00edt\u00e9s\u00e9nek id\u0151pontja, meger\u0151s\u00edt\u00e9s IP c\u00edme, h\u00edrlev\u00e9l megnyit\u00e1sok, h\u00edrlevelekben tal\u00e1lhat\u00f3 linkekre t\u00f6rt\u00e9n\u0151 kattint\u00e1s.\n<br><br>\nAz adatkezel\u00e9s c\u00e9lja: H\u00edrlev\u00e9l k\u00fcld\u00e9s.\n<br>\nAz adatkezel\u00e9s jogalapja: Az \u00e9rintett hozz\u00e1j\u00e1rul\u00e1sa (h\u00edrlev\u00e9l feliratkoz\u00e1s), (GDPR) 6. cikk (1) a.) pontja, (2011. \u00e9vi CXII. Tv. 5. \u00a7 (1) a)) valamint a Grt. 6. \u00a7-a.\n<br><br>\nAz adatkezel\u00e9s id\u0151tartama: A felhaszn\u00e1l\u00f3 k\u00e9relm\u00e9re t\u00f6rt\u00e9n\u0151 t\u00f6rl\u00e9sig.\n<br>\nAz adatkezel\u0151 t\u00e1j\u00e9koztatja a felhaszn\u00e1l\u00f3t, hogy a fenti szem\u00e9lyes adatok szolg\u00e1ltat\u00e1s\u00e1nak elmarad\u00e1sa ahhoz vezet, hogy a regisztr\u00e1ci\u00f3 sikertelen lesz, \u00edgy a felhaszn\u00e1l\u00f3 nem fog h\u00edrlevelet kapni. Az adatok t\u00f6rl\u00e9s\u00e9re a felhaszn\u00e1l\u00f3 k\u00e9relme alapj\u00e1n ker\u00fcl sor akk\u00e9nt, hogy a felhaszn\u00e1l\u00f3 t\u00f6rl\u00e9si ig\u00e9ny\u00e9t az info@stanahuja.com e-mail c\u00edmre elektronikus \u00faton jelenti be. A t\u00e1rsas\u00e1g az adatok t\u00f6rl\u00e9s\u00e9r\u0151l a k\u00e9relem be\u00e9rkez\u00e9s\u00e9t\u0151l sz\u00e1m\u00edtott 5 munkanapon bel\u00fcl k\u00f6teles gondoskodni. A felhaszn\u00e1l\u00f3 jogosult arra, hogy a hozz\u00e1j\u00e1rul\u00e1s\u00e1t b\u00e1rmikor visszavonja. A hozz\u00e1j\u00e1rul\u00e1s visszavon\u00e1sa nem \u00e9rinti a hozz\u00e1j\u00e1rul\u00e1son alapul\u00f3, a visszavon\u00e1s el\u0151tti adatkezel\u00e9s jogszer\u0171s\u00e9g\u00e9t.\n<br><br>\n4. Adatbiztons\u00e1g\n<br>\nAz adatkezel\u0151 minden sz\u00fcks\u00e9ges l\u00e9p\u00e9st megtesz, hogy biztos\u00edtsa a felhaszn\u00e1l\u00f3k \u00e1ltal megadott szem\u00e9lyes adatok biztons\u00e1g\u00e1t mind a h\u00e1l\u00f3zati kommunik\u00e1ci\u00f3 sor\u00e1n, mind az adatok t\u00e1rol\u00e1sa, \u0151rz\u00e9se sor\u00e1n.\nAz adatkezel\u0151 a megadott szem\u00e9lyes adatokat az Eur\u00f3pai Unio ter\u00fclet\u00e9n, N\u00e9metorsz\u00e1gban, a Claranet GmbH szerverszolg\u00e1ltat\u00f3 szerverfarmj\u00e1n (HanauerLandstrasse 196, 60314 Frankfurt am Main, N\u00e9metorsz\u00e1g) 24 \u00f3r\u00e1s \u0151rz\u00e9ssel v\u00e9dett, szerveren t\u00e1rolja. A kezelt adatok harmadik orsz\u00e1gba vagy nemzetk\u00f6zi szervezet r\u00e9sz\u00e9re nem ker\u00fclnek tov\u00e1bb\u00edt\u00e1sra\nAz adatv\u00e9delmi nyilatkozat egyoldal\u00fa m\u00f3dos\u00edt\u00e1s\u00e1nak lehet\u0151s\u00e9ge\nAz adatkezel\u0151 fenntartja a jogot, hogy jelen adatv\u00e9delmi nyilatkozatot a felhaszn\u00e1l\u00f3k el\u0151zetes \u00e9rtes\u00edt\u00e9se mellett egyoldal\u00faan m\u00f3dos\u00edtsa. A m\u00f3dos\u00edt\u00e1s hat\u00e1lyba l\u00e9p\u00e9s\u00e9t k\u00f6vet\u0151en a felhaszn\u00e1l\u00f3 r\u00e1utal\u00f3 magatart\u00e1ssal elfogadja a hat\u00e1lyos m\u00f3dos\u00edtott adatv\u00e9delmi nyilatkozatot. A m\u00f3dos\u00edt\u00e1s nem \u00e9rintheti a jogszab\u00e1lyokban el\u0151\u00edrt adatv\u00e9delmi k\u00f6telezetts\u00e9geket.\n<br><br>\n5. A felhaszn\u00e1l\u00f3 jogai \u00e9s \u00e9rv\u00e9nyes\u00edt\u00e9s\u00fck\n<br>\nAz \u00e9rintett k\u00e9relmezheti az adatkezel\u0151n\u00e9l a.) t\u00e1j\u00e9koztat\u00e1s\u00e1t szem\u00e9lyes adatai kezel\u00e9s\u00e9r\u0151l, b) szem\u00e9lyes adatainak helyesb\u00edt\u00e9s\u00e9t, kezel\u00e9s\u00e9nek korl\u00e1toz\u00e1s\u00e1t, valamint c) szem\u00e9lyes adatainak - a k\u00f6telez\u0151 adatkezel\u00e9s kiv\u00e9tel\u00e9vel - t\u00f6rl\u00e9s\u00e9t vagy z\u00e1rol\u00e1s\u00e1t.<br>\nAz \u00e9rintett k\u00e9relm\u00e9re az adatkezel\u0151 t\u00e1j\u00e9koztat\u00e1st ad arr\u00f3l, hogy a szem\u00e9lyes adatainak kezel\u00e9se folyamatban van-e, \u00e9s ha igen, az \u00e9rintett \u00e1ltala kezelt adatair\u00f3l, azok forr\u00e1s\u00e1r\u00f3l, az adatkezel\u00e9s c\u00e9lj\u00e1r\u00f3l, az \u00e9rintett szem\u00e9lyes adatok kateg\u00f3ri\u00e1ir\u00f3l, a t\u00e1rol\u00e1s tervezett, id\u0151tartam\u00e1r\u00f3l az adatfeldolgoz\u00f3 nev\u00e9r\u0151l, c\u00edm\u00e9r\u0151l \u00e9s az adatkezel\u00e9ssel \u00f6sszef\u00fcgg\u0151 tev\u00e9kenys\u00e9g\u00e9r\u0151l, az adatv\u00e9delmi incidens k\u00f6r\u00fclm\u00e9nyeir\u0151l, hat\u00e1sair\u00f3l \u00e9s az elh\u00e1r\u00edt\u00e1s\u00e1ra megtett int\u00e9zked\u00e9sekr\u0151l, tov\u00e1bb\u00e1 - az \u00e9rintett szem\u00e9lyes adatainak tov\u00e1bb\u00edt\u00e1sa eset\u00e9n - az adattov\u00e1bb\u00edt\u00e1s jogalapj\u00e1r\u00f3l \u00e9s c\u00edmzettj\u00e9r\u0151l. Az adatkezel\u0151 az adatkezel\u00e9s t\u00e1rgy\u00e1t k\u00e9pez\u0151 szem\u00e9lyes adatok m\u00e1solat\u00e1t az \u00e9rintett rendelkez\u00e9s\u00e9re bocs\u00e1tja, amely szolg\u00e1ltat\u00e1s\u00e9rt az adatkezel\u0151 az adminisztrat\u00edv k\u00f6lts\u00e9geken alapul\u00f3 \u00e9szszer\u0171 m\u00e9rt\u00e9k\u0171 d\u00edjat sz\u00e1m\u00edthat fel. A m\u00e1solat ig\u00e9nyl\u00e9s\u00e9hez val\u00f3 jog nem \u00e9rintheti h\u00e1tr\u00e1nyosan m\u00e1sok jogait \u00e9s szabads\u00e1gait.\n<br><br>\nAz adatkezel\u0151 az adatv\u00e9delmi incidenssel kapcsolatos int\u00e9zked\u00e9sek ellen\u0151rz\u00e9se, valamint az \u00e9rintett t\u00e1j\u00e9koztat\u00e1sa c\u00e9lj\u00e1b\u00f3l nyilv\u00e1ntart\u00e1st vezet, amely tartalmazza az \u00e9rintett szem\u00e9lyes adatok k\u00f6r\u00e9t, az adatv\u00e9delmi incidenssel \u00e9rintettek k\u00f6r\u00e9t \u00e9s sz\u00e1m\u00e1t, az adatv\u00e9delmi incidens id\u0151pontj\u00e1t, k\u00f6r\u00fclm\u00e9nyeit, hat\u00e1sait \u00e9s az elh\u00e1r\u00edt\u00e1s\u00e1ra megtett int\u00e9zked\u00e9seket, valamint az adatkezel\u00e9st el\u0151\u00edr\u00f3 jogszab\u00e1lyban meghat\u00e1rozott egy\u00e9b adatokat.\n<br>\nAz elektronikus h\u00edrk\u00f6zl\u00e9sr\u0151l sz\u00f3l\u00f3 t\u00f6rv\u00e9ny hat\u00e1lya al\u00e1 tartoz\u00f3 adatkezel\u0151 a fenti bekezd\u00e9sben meghat\u00e1rozott k\u00f6telezetts\u00e9g\u00e9t az elektronikus h\u00edrk\u00f6zl\u00e9sr\u0151l sz\u00f3l\u00f3 t\u00f6rv\u00e9nyben meghat\u00e1rozott, a szem\u00e9lyes adatok megs\u00e9rt\u00e9s\u00e9nek eseteit tartalmaz\u00f3 nyilv\u00e1ntart\u00e1s vezet\u00e9s\u00e9vel is teljes\u00edtheti.<br>\nAz adatkezel\u0151 k\u00f6teles a k\u00e9relem beny\u00fajt\u00e1s\u00e1t\u00f3l sz\u00e1m\u00edtott legr\u00f6videbb id\u0151 alatt, legfeljebb azonban 30 napon bel\u00fcl \u00edr\u00e1sban, k\u00f6z\u00e9rthet\u0151 form\u00e1ban megadni a t\u00e1j\u00e9koztat\u00e1st. Sz\u00fcks\u00e9g eset\u00e9n, figyelembe v\u00e9ve a k\u00e9relem \u00f6sszetetts\u00e9g\u00e9t \u00e9s a k\u00e9relmek sz\u00e1m\u00e1t ez a hat\u00e1rid\u0151 tov\u00e1bbi k\u00e9t h\u00f3nappal meghosszabb\u00edthat\u00f3. A hat\u00e1rid\u0151 meghosszabb\u00edt\u00e1s\u00e1r\u00f3l az adatkezel\u0151 a k\u00e9sedelem okainak megjel\u00f6l\u00e9s\u00e9vel a k\u00e9relem k\u00e9zhezv\u00e9tel\u00e9t\u0151l sz\u00e1m\u00edtott egy h\u00f3napon bel\u00fcl t\u00e1j\u00e9koztatja a felhaszn\u00e1l\u00f3t. A t\u00e1j\u00e9koztat\u00e1s ingyenes, ha a t\u00e1j\u00e9koztat\u00e1st k\u00e9r\u0151 a foly\u00f3 \u00e9vben azonos adatk\u00f6rre vonatkoz\u00f3an t\u00e1j\u00e9koztat\u00e1si k\u00e9relmet az adatkezel\u0151h\u00f6z m\u00e9g nem ny\u00fajtott be. Egy\u00e9b esetekben k\u00f6lts\u00e9gt\u00e9r\u00edt\u00e9s \u00e1llap\u00edthat\u00f3 meg. A k\u00f6lts\u00e9gt\u00e9r\u00edt\u00e9s m\u00e9rt\u00e9k\u00e9t a felek k\u00f6z\u00f6tt l\u00e9trej\u00f6tt szerz\u0151d\u00e9s is r\u00f6gz\u00edtheti. A m\u00e1r megfizetett k\u00f6lts\u00e9gt\u00e9r\u00edt\u00e9st vissza kell t\u00e9r\u00edteni, ha az adatokat jogellenesen kezelt\u00e9k, vagy a t\u00e1j\u00e9koztat\u00e1s k\u00e9r\u00e9se helyesb\u00edt\u00e9shez vezetett. Az \u00e9rintett t\u00e1j\u00e9koztat\u00e1s\u00e1t az adatkezel\u0151 csak a Tv. 9. \u00a7 (1) bekezd\u00e9s\u00e9ben, valamint a 19. \u00a7-ban meghat\u00e1rozott esetekben tagadhatja meg.<br>\nA t\u00e1j\u00e9koztat\u00e1s megtagad\u00e1sa eset\u00e9n az adatkezel\u0151 \u00edr\u00e1sban k\u00f6zli az \u00e9rintettel, hogy a felvil\u00e1gos\u00edt\u00e1s megtagad\u00e1s\u00e1ra e t\u00f6rv\u00e9ny mely rendelkez\u00e9se alapj\u00e1n ker\u00fclt sor. Abban az esetben, ha az adatkezel\u0151 nem tesz int\u00e9zked\u00e9st az \u00e9rinett k\u00e9relme nyom\u00e1n, err\u0151l legfeljebb egy h\u00f3napon bel\u00fcl t\u00e1j\u00e9koztatja a felhaszn\u00e1l\u00f3t megjel\u00f6lve az int\u00e9zked\u00e9s elmarad\u00e1s\u00e1nak ok\u00e1r\u00f3l A felvil\u00e1gos\u00edt\u00e1s megtagad\u00e1sa, illetve az int\u00e9zked\u00e9s elmarad\u00e1sa eset\u00e9n az adatkezel\u0151 t\u00e1j\u00e9koztatja az \u00e9rintettet a b\u00edr\u00f3s\u00e1gi jogorvoslat, tov\u00e1bb\u00e1 a Nemzeti Adatv\u00e9delmi \u00e9s Inform\u00e1ci\u00f3szabads\u00e1g Hat\u00f3s\u00e1ghoz (a tov\u00e1bbiakban: Hat\u00f3s\u00e1g) fordul\u00e1s lehet\u0151s\u00e9g\u00e9r\u0151l.\nAz \u00e9rintett jogosult arra, hogy k\u00e9r\u00e9s\u00e9re az adatkezel\u0151 indokolatlan k\u00e9sedelem n\u00e9lk\u00fcl helyesb\u00edtse a r\u00e1 vonatkoz\u00f3 pontatlan szem\u00e9lyes adatokat. Figyelembe v\u00e9ve az adatkezel\u00e9s c\u00e9lj\u00e1t, az \u00e9rintett jogosult arra, hogy k\u00e9rje a hi\u00e1nyos szem\u00e9lyes adatok \u2013 egyebek mellett kieg\u00e9sz\u00edt\u0151 nyilatkozat \u00fatj\u00e1n t\u00f6rt\u00e9n\u0151 \u2013 kieg\u00e9sz\u00edt\u00e9s\u00e9t.<br>\nAz \u00e9rintett jogosult arra, hogy k\u00e9r\u00e9s\u00e9re az adatkezel\u0151 indokolatlan k\u00e9sedelem n\u00e9lk\u00fcl t\u00f6r\u00f6lje a r\u00e1 vonatkoz\u00f3 szem\u00e9lyes adatokat, az adatkezel\u0151 pedig k\u00f6teles arra, hogy az \u00e9rintettre vonatkoz\u00f3 szem\u00e9lyes adatokat indokolatlan k\u00e9sedelem n\u00e9lk\u00fcl t\u00f6r\u00f6lje, ha az al\u00e1bbi indokok valamelyike fenn\u00e1ll: a) a szem\u00e9lyes adatokra m\u00e1r nincs sz\u00fcks\u00e9g abb\u00f3l a c\u00e9lb\u00f3l, amelyb\u0151l azokat gy\u0171jt\u00f6tt\u00e9k vagy m\u00e1s m\u00f3don kezelt\u00e9k; b) az \u00e9rintett visszavonja a GDPR 6. cikk (1) bekezd\u00e9s\u00e9nek a) pontja vagy a 9. cikk (2) bekezd\u00e9s\u00e9nek a) pontja \u00e9rtelm\u00e9ben az adatkezel\u00e9s alapj\u00e1t k\u00e9pez\u0151 hozz\u00e1j\u00e1rul\u00e1s\u00e1t, \u00e9s az adatkezel\u00e9snek nincs m\u00e1s jogalapja; c) az \u00e9rintett a GDPR 21. cikk (1) bekezd\u00e9se alapj\u00e1n tiltakozik az adatkezel\u00e9se ellen, \u00e9s nincs els\u0151bbs\u00e9get \u00e9lvez\u0151 jogszer\u0171 ok az adatkezel\u00e9sre, vagy az \u00e9rintett a 21. cikk (2) bekezd\u00e9se alapj\u00e1n tiltakozik az adatkezel\u00e9s ellen; d) a szem\u00e9lyes adatokat jogellenesen kezelt\u00e9k; e) a szem\u00e9lyes adatokat az adatkezel\u0151re alkalmazand\u00f3 uni\u00f3s vagy tag\u00e1llami jogban el\u0151\u00edrt jogi k\u00f6telezetts\u00e9g teljes\u00edt\u00e9s\u00e9hez t\u00f6r\u00f6lni kell; f) a szem\u00e9lyes adatok gy\u0171jt\u00e9s\u00e9re a GDPR 8. cikk (1) bekezd\u00e9s\u00e9ben eml\u00edtett, inform\u00e1ci\u00f3s t\u00e1rsadalommal \u00f6sszef\u00fcgg\u0151 szolg\u00e1ltat\u00e1sok k\u00edn\u00e1l\u00e1s\u00e1val kapcsolatosan ker\u00fclt sor. Ha az adatkezel\u0151 nyilv\u00e1noss\u00e1gra hozta a szem\u00e9lyes adatot, \u00e9s az fenti bekezd\u00e9s \u00e9rtelm\u00e9ben azt t\u00f6r\u00f6lni k\u00f6teles, az el\u00e9rhet\u0151 technol\u00f3gia \u00e9s a megval\u00f3s\u00edt\u00e1s k\u00f6lts\u00e9geinek figyelembev\u00e9tel\u00e9vel megteszi az \u00e9sszer\u0171en elv\u00e1rhat\u00f3 l\u00e9p\u00e9seket \u2013 ide\u00e9rtve technikai int\u00e9zked\u00e9seket \u2013 annak \u00e9rdek\u00e9ben, hogy t\u00e1j\u00e9koztassa az adatokat kezel\u0151 adatkezel\u0151ket, hogy az \u00e9rintett k\u00e9relmezte t\u0151l\u00fck a sz\u00f3ban forg\u00f3 szem\u00e9lyes adatokra mutat\u00f3 linkek vagy e szem\u00e9lyes adatok m\u00e1solat\u00e1nak, illetve m\u00e1sodp\u00e9ld\u00e1ny\u00e1nak t\u00f6rl\u00e9s\u00e9t. A fentieket nem lehet alkalmazni, amennyiben az adatkezel\u00e9s sz\u00fcks\u00e9ges: a) a v\u00e9lem\u00e9nynyilv\u00e1n\u00edt\u00e1s szabads\u00e1g\u00e1hoz \u00e9s a t\u00e1j\u00e9koz\u00f3d\u00e1shoz val\u00f3 jog gyakorl\u00e1sa c\u00e9lj\u00e1b\u00f3l; b) a szem\u00e9lyes adatok kezel\u00e9s\u00e9t el\u0151\u00edr\u00f3, az adatkezel\u0151re alkalmazand\u00f3 uni\u00f3s vagy tag\u00e1llami jog szerinti k\u00f6telezetts\u00e9g teljes\u00edt\u00e9se, illetve k\u00f6z\u00e9rdekb\u0151l vagy az adatkezel\u0151re ruh\u00e1zott k\u00f6zhatalmi jogos\u00edtv\u00e1ny gyakorl\u00e1sa keret\u00e9ben v\u00e9gzett feladat v\u00e9grehajt\u00e1sa c\u00e9lj\u00e1b\u00f3l; c) a GDPR 9. cikk (2) bekezd\u00e9se h) \u00e9s i) pontj\u00e1nak, valamint a 9. cikk (3) bekezd\u00e9s\u00e9nek megfelel\u0151en a n\u00e9peg\u00e9szs\u00e9g\u00fcgy ter\u00fclet\u00e9t \u00e9rint\u0151 k\u00f6z\u00e9rdek alapj\u00e1n; d) a 89. cikk (1) bekezd\u00e9s\u00e9vel \u00f6sszhangban a k\u00f6z\u00e9rdek\u0171 archiv\u00e1l\u00e1s c\u00e9lj\u00e1b\u00f3l, tudom\u00e1nyos \u00e9s t\u00f6rt\u00e9nelmi kutat\u00e1si c\u00e9lb\u00f3l vagy statisztikai c\u00e9lb\u00f3l, amennyiben az t\u00f6rl\u00e9shez val\u00f3 jog val\u00f3sz\u00edn\u0171s\u00edthet\u0151en lehetetlenn\u00e9 tenn\u00e9 vagy komolyan vesz\u00e9lyeztetn\u00e9 ezt az adatkezel\u00e9st; vagy e) jogi ig\u00e9nyek el\u0151terjeszt\u00e9s\u00e9hez, \u00e9rv\u00e9nyes\u00edt\u00e9s\u00e9hez, illetve v\u00e9delm\u00e9hez Az \u00e9rintett jogosult arra, hogy k\u00e9r\u00e9s\u00e9re az adatkezel\u0151 korl\u00e1tozza az adatkezel\u00e9st, ha az al\u00e1bbiak valamelyike teljes\u00fcl: a) az \u00e9rintett vitatja a szem\u00e9lyes adatok pontoss\u00e1g\u00e1t, ez esetben a korl\u00e1toz\u00e1s arra az id\u0151tartamra vonatkozik, amely lehet\u0151v\u00e9 teszi, hogy az adatkezel\u0151 ellen\u0151rizze a szem\u00e9lyes adatok pontoss\u00e1g\u00e1t; b) az adatkezel\u00e9s jogellenes, \u00e9s az \u00e9rintett ellenzi az adatok t\u00f6rl\u00e9s\u00e9t, \u00e9s ehelyett k\u00e9ri azok felhaszn\u00e1l\u00e1s\u00e1nak korl\u00e1toz\u00e1s\u00e1t; c) az adatkezel\u0151nek m\u00e1r nincs sz\u00fcks\u00e9ge a szem\u00e9lyes adatokra adatkezel\u00e9s c\u00e9lj\u00e1b\u00f3l, de az \u00e9rintett ig\u00e9nyli azokat jogi ig\u00e9nyek el\u0151terjeszt\u00e9s\u00e9hez, \u00e9rv\u00e9nyes\u00edt\u00e9s\u00e9hez vagy v\u00e9delm\u00e9hez; vagy d) az \u00e9rintett a GDPR 21. cikk (1) bekezd\u00e9se szerint tiltakozott az adatkezel\u00e9s ellen; ez esetben a korl\u00e1toz\u00e1s arra az id\u0151tartamra vonatkozik, am\u00edg meg\u00e1llap\u00edt\u00e1sra nem ker\u00fcl, hogy az adatkezel\u0151 jogos indokai els\u0151bbs\u00e9get \u00e9lveznek-e az \u00e9rintett jogos indokaival szemben. Ha az adatkezel\u00e9s a fentiek szerint korl\u00e1toz\u00e1s al\u00e1 esik, az ilyen szem\u00e9lyes adatokat a t\u00e1rol\u00e1s kiv\u00e9tel\u00e9vel csak az \u00e9rintett hozz\u00e1j\u00e1rul\u00e1s\u00e1val, vagy jogi ig\u00e9nyek el\u0151terjeszt\u00e9s\u00e9hez, \u00e9rv\u00e9nyes\u00edt\u00e9s\u00e9hez vagy v\u00e9delm\u00e9hez, vagy m\u00e1s term\u00e9szetes vagy jogi szem\u00e9ly jogainak v\u00e9delme \u00e9rdek\u00e9ben, vagy az Uni\u00f3, illetve valamely tag\u00e1llam fontos k\u00f6z\u00e9rdek\u00e9b\u0151l lehet kezelni. Az adatkezel\u0151 az \u00e9rintettet, akinek a k\u00e9r\u00e9s\u00e9re a fentiek alapj\u00e1n korl\u00e1tozt\u00e1k az adatkezel\u00e9st, az adatkezel\u00e9s korl\u00e1toz\u00e1s\u00e1nak felold\u00e1s\u00e1r\u00f3l el\u0151zetesen t\u00e1j\u00e9koztatja.\nA helyesb\u00edt\u00e9sr\u0151l, a korl\u00e1toz\u00e1sr\u00f3l \u00e9s a t\u00f6rl\u00e9sr\u0151l az \u00e9rintettet, tov\u00e1bb\u00e1 mindazokat a c\u00edmzetteket \u00e9rtes\u00edteni kell, akikkel az adatot k\u00f6z\u00f6lt\u00e9k, kiv\u00e9ve, ha ez lehetetlennek bizonyul, vagy ar\u00e1nytalanul nagy er\u0151fesz\u00edt\u00e9st ig\u00e9nyel. Az \u00e9rintettet k\u00e9r\u00e9s\u00e9re az adatkezel\u0151 t\u00e1j\u00e9koztatja e c\u00edmzettekr\u0151l. Jelen adatkezel\u00e9ssel \u00f6sszef\u00fcgg\u00e9sben az \u00e9rintett jogosult arra, hogy a r\u00e1 vonatkoz\u00f3, \u00e1ltala az adatkezel\u0151 rendelkez\u00e9s\u00e9re bocs\u00e1tott szem\u00e9lyes adatokat tagolt, sz\u00e9les k\u00f6rben haszn\u00e1lt, g\u00e9ppel olvashat\u00f3 form\u00e1tumban megkapja, tov\u00e1bb\u00e1 jogosult arra, hogy ezeket az adatokat egy m\u00e1sik adatkezel\u0151nek tov\u00e1bb\u00edtsa an\u00e9lk\u00fcl, hogy ezt akad\u00e1lyozn\u00e1 az adatkezel\u0151, mivel az adatkezel\u00e9s hozz\u00e1j\u00e1rul\u00e1son alapul; \u00e9s az adatkezel\u00e9s automatiz\u00e1lt m\u00f3don t\u00f6rt\u00e9nik. Az adatok hordozhat\u00f3s\u00e1g\u00e1hoz val\u00f3 jog gyakorl\u00e1sa sor\u00e1n az \u00e9rintett jogosult arra, hogy \u2013 ha ez technikailag megval\u00f3s\u00edthat\u00f3 \u2013 k\u00e9rje a szem\u00e9lyes adatok adatkezel\u0151k k\u00f6z\u00f6tti k\u00f6zvetlen tov\u00e1bb\u00edt\u00e1s\u00e1t. Ez a jog nem \u00e9rintheti h\u00e1tr\u00e1nyosan m\u00e1sok jogait \u00e9s szabads\u00e1gait.<br>\nJelen adatkezel\u00e9ssel \u00f6sszef\u00fcgg\u00e9sben az \u00e9rintett nem jogosult arra, hogy ne terjedjen ki r\u00e1 az olyan, kiz\u00e1r\u00f3lag automatiz\u00e1lt adatkezel\u00e9sen \u2013 ide\u00e9rtve a profilalkot\u00e1st is \u2013 alapul\u00f3 d\u00f6nt\u00e9s hat\u00e1lya, amely r\u00e1 n\u00e9zve joghat\u00e1ssal j\u00e1rna vagy \u0151t hasonl\u00f3k\u00e9ppen jelent\u0151s m\u00e9rt\u00e9kben \u00e9rinten\u00e9 tekintettel arra, hogy az adatkezel\u00e9s az \u00e9rintett kifejezett hozz\u00e1j\u00e1rul\u00e1s\u00e1n alapul. Ugyanakkor az adatkezel\u0151 k\u00f6teles megfelel\u0151 int\u00e9zked\u00e9seket tenni az \u00e9rintett jogainak, szabads\u00e1gainak \u00e9s jogos \u00e9rdekeinek v\u00e9delme \u00e9rdek\u00e9ben, ide\u00e9rtve az \u00e9rintettnek legal\u00e1bb azt a jog\u00e1t, hogy az adatkezel\u0151 r\u00e9sz\u00e9r\u0151l emberi beavatkoz\u00e1st k\u00e9rjen, \u00e1ll\u00e1spontj\u00e1t kifejezze, \u00e9s a d\u00f6nt\u00e9ssel szemben kifog\u00e1st ny\u00fajtson be.\n<br><br>\nHa az adatv\u00e9delmi incidens val\u00f3sz\u00edn\u0171s\u00edthet\u0151en magas kock\u00e1zattal j\u00e1r a term\u00e9szetes szem\u00e9lyek jogaira \u00e9s szabads\u00e1gaira n\u00e9zve, az adatkezel\u0151 indokolatlan k\u00e9sedelem n\u00e9lk\u00fcl t\u00e1j\u00e9koztatja az \u00e9rintettet az adatv\u00e9delmi incidensr\u0151l. Az \u00e9rintett r\u00e9sz\u00e9re adott t\u00e1j\u00e9koztat\u00e1sban vil\u00e1gosan \u00e9s k\u00f6z\u00e9rthet\u0151en ismertetni kell az adatv\u00e9delmi incidens jelleg\u00e9t, \u00e9s k\u00f6z\u00f6lni kell legal\u00e1bb a GDPR 33. cikk (3) bekezd\u00e9s\u00e9nek b), c) \u00e9s d) pontj\u00e1ban eml\u00edtett inform\u00e1ci\u00f3kat \u00e9s int\u00e9zked\u00e9seket. Az \u00e9rintettet nem kell t\u00e1j\u00e9koztatni, ha a k\u00f6vetkez\u0151 felt\u00e9telek b\u00e1rmelyike teljes\u00fcl:\n<br><br>\na) az adatkezel\u0151 megfelel\u0151 technikai \u00e9s szervez\u00e9si v\u00e9delmi int\u00e9zked\u00e9seket hajtott v\u00e9gre, \u00e9s ezeket az int\u00e9zked\u00e9seket az adatv\u00e9delmi incidens \u00e1ltal \u00e9rintett adatok tekintet\u00e9ben alkalmazt\u00e1k, k\u00fcl\u00f6n\u00f6sen azokat az int\u00e9zked\u00e9seket \u2013 mint p\u00e9ld\u00e1ul a titkos\u00edt\u00e1s alkalmaz\u00e1sa \u2013, amelyek a szem\u00e9lyes adatokhoz val\u00f3 hozz\u00e1f\u00e9r\u00e9sre fel nem jogos\u00edtott szem\u00e9lyek sz\u00e1m\u00e1ra \u00e9rtelmezhetetlenn\u00e9 teszik az adatokat; b) az adatkezel\u0151 az adatv\u00e9delmi incidenst k\u00f6vet\u0151en olyan tov\u00e1bbi int\u00e9zked\u00e9seket tett, amelyek biztos\u00edtj\u00e1k, hogy az \u00e9rintett jogaira \u00e9s szabads\u00e1gaira jelentett magas kock\u00e1zat a tov\u00e1bbiakban val\u00f3sz\u00edn\u0171s\u00edthet\u0151en nem val\u00f3sul meg; c) a t\u00e1j\u00e9koztat\u00e1s ar\u00e1nytalan er\u0151fesz\u00edt\u00e9st tenne sz\u00fcks\u00e9gess\u00e9. Ilyen esetekben az \u00e9rintetteket nyilv\u00e1nosan k\u00f6zz\u00e9tett inform\u00e1ci\u00f3k \u00fatj\u00e1n kell t\u00e1j\u00e9koztatni, vagy olyan hasonl\u00f3 int\u00e9zked\u00e9st kell hozni, amely biztos\u00edtja az \u00e9rintettek hasonl\u00f3an hat\u00e9kony t\u00e1j\u00e9koztat\u00e1s\u00e1t\n<br><br>\nHa az adatkezel\u0151 az \u00e9rintett helyesb\u00edt\u00e9s, z\u00e1rol\u00e1s vagy t\u00f6rl\u00e9s ir\u00e1nti k\u00e9relm\u00e9t nem teljes\u00edti, a k\u00e9relem k\u00e9zhezv\u00e9tel\u00e9t k\u00f6vet\u0151 30 napon bel\u00fcl \u00edr\u00e1sban k\u00f6zli a helyesb\u00edt\u00e9s, z\u00e1rol\u00e1s vagy t\u00f6rl\u00e9s ir\u00e1nti k\u00e9relem elutas\u00edt\u00e1s\u00e1nak t\u00e9nybeli \u00e9s jogi indokait. A helyesb\u00edt\u00e9s, t\u00f6rl\u00e9s vagy z\u00e1rol\u00e1s ir\u00e1nti k\u00e9relem elutas\u00edt\u00e1sa eset\u00e9n az adatkezel\u0151 t\u00e1j\u00e9koztatja az \u00e9rintettet a b\u00edr\u00f3s\u00e1gi jogorvoslat, tov\u00e1bb\u00e1 a Hat\u00f3s\u00e1ghoz fordul\u00e1s lehet\u0151s\u00e9g\u00e9r\u0151l.\nAz \u00e9rintettnek a fenti jogait t\u00f6rv\u00e9ny korl\u00e1tozhatja az \u00e1llam k\u00fcls\u0151 \u00e9s bels\u0151 biztons\u00e1ga, \u00edgy a honv\u00e9delem, a nemzetbiztons\u00e1g, a b\u0171ncselekm\u00e9nyek megel\u0151z\u00e9se vagy \u00fcld\u00f6z\u00e9se, a b\u00fcntet\u00e9s-v\u00e9grehajt\u00e1s biztons\u00e1ga \u00e9rdek\u00e9ben, tov\u00e1bb\u00e1 \u00e1llami vagy \u00f6nkorm\u00e1nyzati gazdas\u00e1gi vagy p\u00e9nz\u00fcgyi \u00e9rdekb\u0151l, az Eur\u00f3pai Uni\u00f3 jelent\u0151s gazdas\u00e1gi vagy p\u00e9nz\u00fcgyi \u00e9rdek\u00e9b\u0151l, valamint a foglalkoz\u00e1sok gyakorl\u00e1s\u00e1val \u00f6sszef\u00fcgg\u0151 fegyelmi \u00e9s etikai v\u00e9ts\u00e9gek, a munkajogi \u00e9s munkav\u00e9delmi k\u00f6telezetts\u00e9gszeg\u00e9sek megel\u0151z\u00e9se \u00e9s felt\u00e1r\u00e1sa c\u00e9lj\u00e1b\u00f3l - bele\u00e9rtve minden esetben az ellen\u0151rz\u00e9st \u00e9s a fel\u00fcgyeletet is -, tov\u00e1bb\u00e1 az \u00e9rintett vagy m\u00e1sok jogainak v\u00e9delme \u00e9rdek\u00e9ben.<br>\nAz \u00e9rintett tiltakozhat szem\u00e9lyes adat\u00e1nak kezel\u00e9se ellen, a) ha a szem\u00e9lyes adatok kezel\u00e9se vagy tov\u00e1bb\u00edt\u00e1sa kiz\u00e1r\u00f3lag az adatkezel\u0151re vonatkoz\u00f3 jogi k\u00f6telezetts\u00e9g teljes\u00edt\u00e9s\u00e9hez vagy az adatkezel\u0151, adat\u00e1tvev\u0151 vagy harmadik szem\u00e9ly jogos \u00e9rdek\u00e9nek \u00e9rv\u00e9nyes\u00edt\u00e9s\u00e9hez sz\u00fcks\u00e9ges, kiv\u00e9ve k\u00f6telez\u0151 adatkezel\u00e9s eset\u00e9n; b) ha a szem\u00e9lyes adat felhaszn\u00e1l\u00e1sa vagy tov\u00e1bb\u00edt\u00e1sa k\u00f6zvetlen \u00fczletszerz\u00e9s, k\u00f6zv\u00e9lem\u00e9ny-kutat\u00e1s vagy tudom\u00e1nyos kutat\u00e1s c\u00e9lj\u00e1ra t\u00f6rt\u00e9nik; valamint c) t\u00f6rv\u00e9nyben meghat\u00e1rozott egy\u00e9b esetben.<br>\nAz adatkezel\u0151 a tiltakoz\u00e1st a k\u00e9relem beny\u00fajt\u00e1s\u00e1t\u00f3l sz\u00e1m\u00edtott legr\u00f6videbb id\u0151n bel\u00fcl, de legfeljebb 15 napon bel\u00fcl megvizsg\u00e1lja, annak megalapozotts\u00e1ga k\u00e9rd\u00e9s\u00e9ben d\u00f6nt\u00e9st hoz, \u00e9s d\u00f6nt\u00e9s\u00e9r\u0151l a k\u00e9relmez\u0151t \u00edr\u00e1sban t\u00e1j\u00e9koztatja.\n<br>Ha az adatkezel\u0151 az \u00e9rintett tiltakoz\u00e1s\u00e1nak megalapozotts\u00e1g\u00e1t meg\u00e1llap\u00edtja, az adatkezel\u00e9st - bele\u00e9rtve a tov\u00e1bbi adatfelv\u00e9telt \u00e9s adattov\u00e1bb\u00edt\u00e1st is - megsz\u00fcnteti, \u00e9s az adatokat z\u00e1rolja, valamint a tiltakoz\u00e1sr\u00f3l, tov\u00e1bb\u00e1 az annak alapj\u00e1n tett int\u00e9zked\u00e9sekr\u0151l \u00e9rtes\u00edti mindazokat, akik r\u00e9sz\u00e9re a tiltakoz\u00e1ssal \u00e9rintett szem\u00e9lyes adatot kor\u00e1bban tov\u00e1bb\u00edtotta, \u00e9s akik k\u00f6telesek int\u00e9zkedni a tiltakoz\u00e1si jog \u00e9rv\u00e9nyes\u00edt\u00e9se \u00e9rdek\u00e9ben.\nHa az \u00e9rintett az adatkezel\u0151nek a fenti d\u00f6nt\u00e9s\u00e9vel nem \u00e9rt egyet, illetve, ha az adatkezel\u0151 a fenti hat\u00e1rid\u0151t elmulasztja, az \u00e9rintett - a d\u00f6nt\u00e9s k\u00f6zl\u00e9s\u00e9t\u0151l, illetve a hat\u00e1rid\u0151 utols\u00f3 napj\u00e1t\u00f3l sz\u00e1m\u00edtott 30 napon bel\u00fcl b\u00edr\u00f3s\u00e1ghoz fordulhat.\n<br><br>\nHa az adat\u00e1tvev\u0151 jog\u00e1nak \u00e9rv\u00e9nyes\u00edt\u00e9s\u00e9hez sz\u00fcks\u00e9ges adatokat az \u00e9rintett tiltakoz\u00e1sa miatt nem kapja meg, az \u00e9rtes\u00edt\u00e9s k\u00f6zl\u00e9s\u00e9t\u0151l sz\u00e1m\u00edtott 15 napon bel\u00fcl, az adatokhoz val\u00f3 hozz\u00e1jut\u00e1s \u00e9rdek\u00e9ben b\u00edr\u00f3s\u00e1ghoz fordulhat az adatkezel\u0151 ellen. Az adatkezel\u0151 az \u00e9rintettet is perbe h\u00edvhatja.<br>\nHa az adatkezel\u0151 az \u00e9rtes\u00edt\u00e9st elmulasztja, az adat\u00e1tvev\u0151 felvil\u00e1gos\u00edt\u00e1st k\u00e9rhet az adat\u00e1tad\u00e1s meghi\u00fasul\u00e1s\u00e1val kapcsolatos k\u00f6r\u00fclm\u00e9nyekr\u0151l az adatkezel\u0151t\u0151l, amely felvil\u00e1gos\u00edt\u00e1st az adatkezel\u0151 az adat\u00e1tvev\u0151 erre ir\u00e1nyul\u00f3 k\u00e9relm\u00e9nek k\u00e9zbes\u00edt\u00e9s\u00e9t k\u00f6vet\u0151 8 napon bel\u00fcl k\u00f6teles megadni. Felvil\u00e1gos\u00edt\u00e1s k\u00e9r\u00e9se eset\u00e9n az adat\u00e1tvev\u0151 a felvil\u00e1gos\u00edt\u00e1s megad\u00e1s\u00e1t\u00f3l, de legk\u00e9s\u0151bb az arra nyitva \u00e1ll\u00f3 hat\u00e1rid\u0151t\u0151l sz\u00e1m\u00edtott 15 napon bel\u00fcl fordulhat b\u00edr\u00f3s\u00e1ghoz az adatkezel\u0151 ellen. Az adatkezel\u0151 az \u00e9rintettet is perbe h\u00edvhatja.<br>\nAz adatkezel\u0151 az \u00e9rintett adat\u00e1t nem t\u00f6r\u00f6lheti, ha az adatkezel\u00e9st t\u00f6rv\u00e9ny rendelte el. Az adat azonban nem tov\u00e1bb\u00edthat\u00f3 az adat\u00e1tvev\u0151 r\u00e9sz\u00e9re, ha az adatkezel\u0151 egyet\u00e9rtett a tiltakoz\u00e1ssal, vagy a b\u00edr\u00f3s\u00e1g a tiltakoz\u00e1s jogoss\u00e1g\u00e1t meg\u00e1llap\u00edtotta.\n<br><br>\nAz \u00e9rintett a jogainak megs\u00e9rt\u00e9se eset\u00e9n az adatkezel\u0151 ellen b\u00edr\u00f3s\u00e1ghoz fordulhat. A b\u00edr\u00f3s\u00e1g az \u00fcgyben soron k\u00edv\u00fcl j\u00e1r el.\nAzt, hogy az adatkezel\u00e9s a jogszab\u00e1lyban foglaltaknak megfelel, az adatkezel\u0151 k\u00f6teles bizony\u00edtani. A r\u00e9sz\u00e9re t\u00f6rt\u00e9n\u0151 adattov\u00e1bb\u00edt\u00e1s jogszer\u0171s\u00e9g\u00e9t az adat\u00e1tvev\u0151 k\u00f6teles bizony\u00edtani.\nA per elb\u00edr\u00e1l\u00e1sa a megyei b\u00edr\u00f3s\u00e1g, a f\u0151v\u00e1rosban a F\u0151v\u00e1rosi T\u00f6rv\u00e9nysz\u00e9k (a tov\u00e1bbiakban: egy\u00fctt: megyei b\u00edr\u00f3s\u00e1g) hat\u00e1sk\u00f6r\u00e9be tartozik. A per - az \u00e9rintett v\u00e1laszt\u00e1sa szerint - az \u00e9rintett lak\u00f3helye vagy tart\u00f3zkod\u00e1si helye szerinti megyei b\u00edr\u00f3s\u00e1g el\u0151tt is megind\u00edthat\u00f3.<br>\nA perben f\u00e9l lehet az is, akinek egy\u00e9bk\u00e9nt nincs perbeli jogk\u00e9pess\u00e9ge. A perbe a Hat\u00f3s\u00e1g az \u00e9rintett pernyertess\u00e9ge \u00e9rdek\u00e9ben beavatkozhat.<br>\nHa a b\u00edr\u00f3s\u00e1g a k\u00e9relemnek helyt ad, az adatkezel\u0151t a t\u00e1j\u00e9koztat\u00e1s megad\u00e1s\u00e1ra, az adat helyesb\u00edt\u00e9s\u00e9re, z\u00e1rol\u00e1s\u00e1ra, t\u00f6rl\u00e9s\u00e9re, az automatiz\u00e1lt adatfeldolgoz\u00e1ssal hozott d\u00f6nt\u00e9s megsemmis\u00edt\u00e9s\u00e9re, az \u00e9rintett tiltakoz\u00e1si jog\u00e1nak figyelembev\u00e9tel\u00e9re, illetve az adat\u00e1tvev\u0151 \u00e1ltal k\u00e9rt adat kiad\u00e1s\u00e1ra k\u00f6telezi.<br>\nHa a b\u00edr\u00f3s\u00e1g az adat\u00e1tvev\u0151 k\u00e9relm\u00e9t elutas\u00edtja, az adatkezel\u0151 k\u00f6teles az \u00e9rintett szem\u00e9lyes adat\u00e1t az \u00edt\u00e9let k\u00f6zl\u00e9s\u00e9t\u0151l sz\u00e1m\u00edtott 3 napon bel\u00fcl t\u00f6r\u00f6lni. Az adatkezel\u0151 k\u00f6teles az adatokat akkor is t\u00f6r\u00f6lni, ha az adat\u00e1tvev\u0151 hat\u00e1rid\u0151n bel\u00fcl nem fordul b\u00edr\u00f3s\u00e1ghoz.\n<br><br>\nJelen Adatv\u00e9delmi Nyilatkozat 2020. j\u00fanius 12. napj\u00e1n l\u00e9p hat\u00e1lyba.<\/p><\/div><\/div><\/div><\/div><\/div>\n\t\t\t\t\t\t\t\t\t<div class=\"elementor-tab-title elementor-tab-mobile-title\" aria-selected=\"false\" data-tab=\"4\" role=\"tab\" tabindex=\"-1\" aria-controls=\"elementor-tab-content-2524\" aria-expanded=\"false\">Szab\u00e1szati szakkifejez\u00e9sek<\/div>\n\t\t\t\t\t<div id=\"elementor-tab-content-2524\" class=\"elementor-tab-content elementor-clearfix\" data-tab=\"4\" role=\"tabpanel\" aria-labelledby=\"elementor-tab-title-2524\" tabindex=\"0\" hidden=\"hidden\"><div class=\"row\"><div class=\"col-12 col-md-8\"><div id=\"v-pills-tabContent\" class=\"tab-content\"><div id=\"v-pills-profile\" class=\"tab-pane fade active show\" role=\"tabpanel\" aria-labelledby=\"v-pills-profile-tab\"><h3 class=\"pia-focim\">Szab\u00e1szati szakkifejez\u00e9sek<\/h3><p class=\"res-text\"><b>F\u00e9rcel\u00e9s technika:<\/b>\u00a0Varr\u00e1si technika, amellyel ideiglenesen, az els\u0151 ruhapr\u00f3ba alkalm\u00e1ra \u00f6ltik \u00f6ssze a ruha darabjait.<\/p><p class=\"res-text\"><b>F\u00e9rcel\u00e9s:\u00a0<\/b>a ruhadarab egyes r\u00e9szeinek hossz\u00fa, gy\u00f6nge \u00f6ssze\u00f6lt\u00e9se. \u00c1ltal\u00e1ban m\u00e9retfelv\u00e9tel \u00e9s pr\u00f3bavisel\u00e9s alkalm\u00e1val haszn\u00e1latos elj\u00e1r\u00e1s.<\/p><p class=\"res-text\"><b>Bespoke vagy cs\u00facsszab\u00f3s\u00e1g, vagy m\u00e9retes szab\u00f3s\u00e1g:\u00a0<\/b>Bespoke \u00f6lt\u00f6ny\u00f6knek azokat a darabokat h\u00edvjuk, amelyek bizony\u00edtottan a leggondosabb szak\u00e9rt\u0151k kezei \u00e1ltal, k\u00e9zzel k\u00e9sz\u00fcltek, a megrendel\u0151 egyedi ig\u00e9nyi alapj\u00e1n.<\/p><p class=\"res-text\"><b>Barchetta:<\/b>\u00a0A sz\u00f3 olasz eredet\u0171, jelent\u00e9se kis cs\u00f3nak. A Barchetta egy speci\u00e1lis zseb diz\u00e1jn, amelyben a zseb haj\u00f3 orr\u00e1ra eml\u00e9keztet\u0151 sz\u00f6gben g\u00f6rb\u00fcl. A diz\u00e1jnt mell zsebein alkalmazz\u00e1k, ett\u0151l v\u00e1lt k\u00f6zkedveltt\u00e9 az elm\u00falt \u00e9vek sor\u00e1n.<\/p><p class=\"res-text\"><b>Besom zsebek:\u00a0<\/b>Bevarrt, gyakorlatilag zs\u00e1k n\u00e9lk\u00fcli zsebek. \u00e1ltal\u00e1ban zak\u00f3kon vagy nadr\u00e1gokon alkalmazz\u00e1k.<\/p><p class=\"res-text\"><b>Break:<\/b>A nadr\u00e1g \u00e9s a cip\u0151 k\u00f6z\u00e9 es\u0151 r\u00e9sz. Hossza v\u00e1ltoz\u00f3, \u00edgy ennek f\u00fcggv\u00e9nye, hogy a nadr\u00e1g mennyit enged l\u00e1ttatni a cip\u0151kb\u0151l.<\/p><p class=\"res-text\"><b>Kasm\u00edr:<\/b>\u00a0Az indiai Kasm\u00edr tartom\u00e1ny\u00e1b\u00f3l sz\u00e1rmaz\u00f3, nagyon finom tapint\u00e1s\u00fa sz\u00e1lasanyag, amelyet a kasm\u00edrkecske pehelysz\u0151r\u00e9b\u0151l nyernek.<\/p><p class=\"res-text\"><b>Doneg\u00e1l:<\/b>\u00a0Az \u00cdr Donegal tartom\u00e1nyr\u00f3l nevezetes tweed, melynek mint\u00e1j\u00e1ban, hars\u00e1ny sz\u00ednek v\u00e9letlenszer\u0171en \u00e1tsz\u0151ve k\u00f6vetik egym\u00e1st.<\/p><p class=\"res-text\"><b>Dupla Csavar:<\/b>\u00a0Egyedi technika, mely sor\u00e1n egyszerre k\u00e9t sz\u00e1l gyapj\u00fafonalat fognak \u00f6ssze k\u00f6t\u00e9skor. Ez\u00e1ltal egy d\u00fasabb, k\u00e9tszer olyan s\u0171r\u0171 sz\u00f6vetet kapunk. M\u00e1sik nev\u00e9n 'k\u00e9tr\u00e9teg\u0171'.<\/p><p class=\"res-text\"><b>Beszegett zseb:<\/b>\u00a0Besom zsebek, szeg\u00e9llyel.<\/p><p class=\"res-text\"><b>Full Break:<\/b>Nadr\u00e1gfazon, amelyben a nadr\u00e1g sz\u00e1rai a cip\u0151k fels\u0151 r\u00e9sz\u00e9t teljesen eltakarj\u00e1k.<\/p><p class=\"res-text\"><b>Full Canvas \/ Teljes v\u00e1szon technika:<\/b>\u00a0Magassz\u00ednvonal\u00fa szab\u00e1szati technika, mely sor\u00e1n egy extra, gyapj\u00fab\u00f3l \u00e9s l\u00f3sz\u0151rb\u0151l k\u00e9sz\u00fclt v\u00e1szon b\u00e9l\u00e9st varrnak az \u00f6lt\u00f6ny eredeti b\u00e9l\u00e9se \u00e9s a k\u00fcls\u0151 sz\u00f6vet k\u00f6z\u00e9. Ez a megold\u00e1s strukt\u00far\u00e1ltabb\u00e1 teszi a zak\u00f3t, illetve az \u00edgy keletkez\u0151 extra \u2018p\u00e1rn\u00e1z\u00e1s\u2019 k\u00e9s\u0151bb finoman felveszi visel\u0151je mellkas\u00e1nak form\u00e1j\u00e1t, \u00edgy t\u00f6k\u00e9letes\u00edtve a viseletet.<\/p><p class=\"res-text\"><b>Full Windsor csom\u00f3 vagy k\u00f6t\u00e9s:<\/b>\u00a0Nyakkend\u0151 k\u00f6t\u00e9si technika, mely sor\u00e1n a csom\u00f3 szimmetrikusan a gall\u00e9r k\u00e9t r\u00e9sze k\u00f6z\u00e9 ker\u00fcl, \u00edgy az ing legfels\u0151 gombja takar\u00e1sba ker\u00fcl.<\/p><p class=\"res-text\"><b>Fused \/ Kondenz\u00e1l\u00f3 technika:<\/b>\u00a0Ragaszt\u00e1st alkalmaz\u00f3 technika, mely sor\u00e1n pap\u00edr vagy m\u0171anyag k\u00f6t\u00e9sekkel tartj\u00e1k \u00f6ssze a b\u00e9l\u00e9st \u00e9s az anyag k\u00fcls\u0151 r\u00e9sz\u00e9t. Ez egy merevebb szab\u00e1st eredm\u00e9nyez, ami kev\u00e9sb\u00e9 veszi fel a visel\u0151 alakj\u00e1t. Ez a legelterjedtebb m\u00f3dszer manaps\u00e1g a k\u00f6zepes vagy ann\u00e1l alacsonyabb min\u0151s\u00e9g\u0171 \u00f6lt\u00f6ny\u00f6kn\u00e9l.<\/p><p class=\"res-text\"><b>Gorge:<\/b>\u00a0A gall\u00e9r \u00e9s az ing kapcsol\u00f3d\u00e1sa.<\/p><p class=\"res-text\"><b>Glenpaid kocka:<\/b>\u00a0A windowpane \u00e9s a Prince-Of-Wales kockaminta \u00f6tv\u00f6zete.<\/p><p class=\"res-text\"><b>Goodyear technika:<\/b>\u00a0Cip\u0151k\u00e9sz\u00edt\u00e9si technol\u00f3gia, melynek sor\u00e1n a b\u00e9l\u00e9s, a fels\u0151 r\u00e9sz \u00e9s a r\u00e1ma \u00f6sszevarr\u00e1sra ker\u00fcl. Ezt k\u00f6vet\u0151en a a merev r\u00e1maanyagot er\u0151s\u00edtik hozz\u00e1 a talphoz, melynek k\u00f6vetkezt\u00e9ben a b\u00e9l\u00e9s varr\u00e1s- \u00e9s szegecsel\u00e9smentes lesz. Ez a m\u00f3dszer lehet\u0151s\u00e9get ad a cip\u0151 \u00fajratalpal\u00e1s\u00e1hoz, \u00e9s nagyfok\u00fa v\u00edz\u00e1ll\u00f3s\u00e1got eredm\u00e9nyez.<\/p><p class=\"res-text\"><b>Grenadine minta:<\/b>\u00a0Sorminta, leggyakrabban nyakkend\u0151k\u00f6n jelenik meg.<\/p><p class=\"res-text\"><b>Half Canvas \/ F\u00e9l v\u00e1szon technika:<\/b>\u00a0A full canvas\/teljes v\u00e1szon technika kistestv\u00e9re. Enn\u00e9l a technik\u00e1n\u00e1l az extra b\u00e9l\u00e9s a mellkas tetej\u00e9t\u0151l a bord\u00e1kig tart.<\/p><p class=\"res-text\"><b>Windsor k\u00f6t\u00e9s vagy csom\u00f3:<\/b>\u00a0M\u00e1s n\u00e9ven f\u00e9l Windsor k\u00f6t\u00e9s, az eredeti Windsor k\u00f6t\u00e9s kisebb v\u00e1ltozata - \u00e1ltal\u00e1ban ezt a technik\u00e1t szokt\u00e1k alkalmi viselethez aj\u00e1nlani.<\/p><p class=\"res-text\"><b>K\u00e9zi f\u00e9rcel\u00e9s:<\/b>\u00a0Szab\u00e1szati technika, mely sor\u00e1n a b\u00e9l\u00e9st \u00e9s az anyagot \u00e1tmeneti, gy\u00f6nge \u00f6lt\u00e9sekkel varrj\u00e1k \u00f6ssze k\u00e9zzel. Ezeket az \u00f6lt\u00f6ny t\u00e9nyleges varr\u00e1sakor elt\u00e1vol\u00edtj\u00e1k. A folyamat sor\u00e1n v\u00e1szon \u00e9s m\u00e1s anyagokat is haszn\u00e1lhatnak. Egyszer\u0171bb megold\u00e1s a klasszikus f\u00e9rcel\u00e9sn\u00e9l, ami egy tradicion\u00e1lisabb, id\u0151ig\u00e9nyesebb met\u00f3dus.<\/p><p class=\"res-text\"><b>Hering sz\u00e1lka vagy \u00e1tl\u00f3s \u00f6lt\u00e9s:<\/b>\u00a0P\u00e1rhuzamos vonalakb\u00f3l \u00e1ll\u00f3, ellent\u00e9tes ir\u00e1nyban ferd\u00e9n fut\u00f3, V alak\u00fa mint\u00e1zat.<\/p><p class=\"res-text\"><b>Ty\u00fakl\u00e1b minta:\u00a0<\/b>\u00c1ltal\u00e1ban nagykab\u00e1tokon, fels\u0151kab\u00e1tokon megjelen\u0151 apr\u00f3, absztrakt, n\u00e9gy\u00e1g\u00fa alakzatokb\u00f3l \u00e1ll\u00f3 sormint\u00e1zat.<\/p><p class=\"res-text\"><b>Hopsack:\u00a0<\/b>Durva fel\u00fclet\u0171, laz\u00e1n sz\u0151tt anyag. Ink\u00e1bb ny\u00e1ri, b\u00e9l\u00e9s-mentes \u00f6lt\u00f6ny\u00f6ket k\u00e9sz\u00edtenek bel\u0151le.<\/p><p class=\"res-text\"><b>B\u00e9l\u00e9s:<\/b>\u00a0A zak\u00f3k, kab\u00e1tok bels\u0151 r\u00e9sze. A b\u00e9l\u00e9s \u00e1ltal\u00e1ban egy \u00e1rnyalattal vil\u00e1gosabb sz\u00edn\u0171, mint a ruhadarab k\u00fclsej\u00e9t bor\u00edt\u00f3 anyag sz\u00edne, gyakran fak\u00f3, halv\u00e1ny sz\u00edn\u0171 mint\u00e1zattal gazdag\u00edtj\u00e1k. A legjobb min\u0151s\u00e9g\u0171 b\u00e9l\u00e9sek kupr\u00f3b\u00f3l k\u00e9sz\u00fclnek, haszn\u00e1lat\u00e1r\u00f3l a Bemberg vil\u00e1gm\u00e1rka h\u00edres\u00fclt el.<\/p><p class=\"res-text\"><b>Mohair:<\/b>\u00a0Ang\u00f3ra kecsk\u00e9t\u0151l sz\u00e1rmaz\u00f3 sz\u00e1las anyag rost, tapint\u00e1sa selyemre eml\u00e9keztet\u0151. F\u00e9nyess\u00e9ge miatt gyakran kombin\u00e1lj\u00e1k m\u00e1s anyagokkal, p\u00e9ld\u00e1ul gyapj\u00faval \u00e9s selyemmel.<\/p><p class=\"res-text\"><b>Nyitott hajt\u00f3ka:<\/b>\u00a0A gall\u00e9r 90 fokos sz\u00f6get z\u00e1r be a hajt\u00f3k\u00e1val, \u00edgy az l\u00e9pcs\u0151s hat\u00e1st eredm\u00e9nyez.<\/p><p class=\"res-text\"><b>Egy gombsor:<\/b>\u00a0Hagyom\u00e1nyosan a szmokingokon alkalmazott gombol\u00e1s. Modern, laza sziluettje miatt nagy n\u00e9pszer\u0171s\u00e9gnek \u00f6rvend a kev\u00e9sb\u00e9 form\u00e1lis \u00f6lt\u00f6z\u00e9kek k\u00e9sz\u00edt\u00e9s\u00e9ben is.<\/p><p class=\"res-text\"><b>Hegyes hajt\u00f3ka:<\/b>\u00a0A hajt\u00f3k\u00e1k hegyes cs\u00fccs\u00f6kben v\u00e9gz\u0151dnek, \u00edv\u00fck hangs\u00falyoss\u00e1 teszik a v\u00e1ll \u00e9s a mellkas r\u00e9szeit.<\/p><p class=\"res-text\"><b>Pick Stitching \/ Felsz\u00edni varr\u00e1s:<\/b>\u00a0L\u00e1that\u00f3 \u00f6lt\u00e9sek a zak\u00f3 hajt\u00f3k\u00e1j\u00e1n \u00e9s sz\u00e9lein. Ez a technika a r\u00e9gim\u00f3di, k\u00e9zm\u0171ves szab\u00e1szatot id\u00e9zi.<\/p><p class=\"res-text\"><b>D\u00edszzsebkend\u0151:<\/b>\u00a0Kism\u00e9ret\u0171, \u00e1ltal\u00e1ban selyem vagy pamut anyag, mely a zak\u00f3 mellkasi zseb\u00e9t d\u00edsz\u00edti. Lehet egyszer\u0171bb mint\u00e1zat\u00fa vagy dekorat\u00edv, sz\u00ednes darab is \u00f6lt\u00f6nyt\u0151l \u00e9s alkalomt\u00f3l f\u00fcgg\u0151en. Viselete egyedibb\u00e9, modernebb\u00e9 teheti a kin\u00e9zeted, de nem aj\u00e1nlatos t\u00falz\u00e1sba vinni. Ne viselj ugyanolyan sz\u00edn\u0171 vagy mint\u00e1zat\u00fa d\u00edszzsebkend\u0151t \u00e9s nyakkend\u0151t.<\/p><p class=\"res-text\"><b>Prince of Wales vagy Eszterh\u00e1zy-kocka:<\/b>\u00a0Egyszer\u0171 kocka minta, amelyet rendszeres id\u0151k\u00f6z\u00f6nk\u00e9nt visszat\u00e9r\u0151 apr\u00f3 f\u0171r\u00e9szfog minta t\u00f6r meg.<\/p><p class=\"res-text\"><b>Rise:<\/b>\u00a0A nadr\u00e1g der\u00e9k \u00e9s \u00e1gy\u00e9k k\u00f6z\u00e9 es\u0151 r\u00e9sze. Hossza akkor t\u00f6k\u00e9letes, ha az \u00e1gy\u00e9k r\u00e9sz\u00e9n\u00e9l k\u00e9nyelmesen feszes, ez\u00e1ltal elker\u00fclhet\u0151 a s\u00farl\u00f3d\u00e1sb\u00f3l ered\u0151 kop\u00e1s.<\/p><p class=\"res-text\"><b>Sharkskin:<\/b>\u00a0V\u00e9kony, puha tapint\u00e1s\u00fa anyag, amelyet leggyakrabban \u00f6lt\u00f6ny\u00f6k\u00f6n haszn\u00e1lnak.<\/p><p class=\"res-text\"><b>S\u00e1lhajt\u00f3ka:<\/b>A s\u00e1lhajt\u00f3ka a varr\u00e1s \u00e9s bev\u00e1g\u00e1s n\u00e9lk\u00fcli hajt\u00f3ka fazon. Egyszer\u0171, inform\u00e1lis esti viselet.<\/p><p class=\"res-text\"><b>Short Break:<\/b>\u00a0Jelenleg divatos fazon, amelyben a nadr\u00e1g sz\u00e1rai csak a cip\u0151 fels\u0151 negyed\u00e9t takarj\u00e1k, \u00edgy annak tov\u00e1bbi r\u00e9szei l\u00e1that\u00f3ak maradnak.<\/p><p class=\"res-text\"><b>Show buttons \/ D\u00edszgombok:<\/b>\u00a0Funkci\u00f3 n\u00e9lk\u00fcli, az \u00f6lt\u00f6nyt d\u00edsz\u00edt\u0151 mandzsettagombok. Lsd. al\u00e1bb \u2018K\u00e9zel\u0151 vagy hajt\u00f3ka gombok\u2019.<\/p><p class=\"res-text\"><b>Diagon\u00e1l zseb:<\/b>\u00a0A zsebek az \u00f6lt\u00f6ny k\u00e9t oldal\u00e1n nem v\u00edzszintes, hanem enyh\u00e9n d\u00f6nt\u00f6tt, felfel\u00e9 \u00e1tl\u00f3s ir\u00e1ny\u00faak.<\/p><p class=\"res-text\"><b>Spalla Camicia:<\/b>\u00a0Az eredetileg olasz sz\u00f3 jelent\u00e9se v\u00e1llr\u00e9sz, v\u00e1ll. Azokat az \u00f6lt\u00f6ny\u00f6ket nevezik \u00edgy, amelyekben nincs v\u00e1llt\u00f6m\u00e9s.<\/p><p class=\"res-text\"><b>Has\u00edtott b\u0151r:<\/b>\u00a0A vel\u00far b\u0151rt vagy has\u00edtott b\u0151rt a h\u00fasoldal, azaz a b\u0151r bels\u0151 r\u00e9sz\u00e9nek felcsiszol\u00e1s\u00e1val k\u00e9sz\u00edtik. Tapint\u00e1sa hasonl\u00f3 a b\u00e1rsony\u00e9hoz. A vel\u00far sokoldal\u00fa, k\u00f6nnyen frissen \u00e9s karbantarthat\u00f3 anyag.<\/p><p class=\"res-text\"><b>H\u00e1rom gombsoros zak\u00f3:<\/b>\u00a0Az elm\u00falt \u00e9vekben kev\u00e9ss\u00e9 n\u00e9pszer\u0171, klasszikus gombol\u00e1s. A felhajt\u00f3ka \u00fagy van szabva, hogy a h\u00e1rom gomb szemb\u0151l teljesen l\u00e1that\u00f3 legyen.<\/p><p class=\"res-text\"><b>Three-Rolls-Two\/Hamis h\u00e1rom technika:<\/b>\u00a0A k\u00e9tgombos \u00e9s h\u00e1romgombos \u00f6lt\u00f6nykab\u00e1t hibridje. 3 gombbal rendelkezik, de az \u00f6lt\u00f6ny hajt\u00f3k\u00e1ja a m\u00e1sodik gomb f\u00f6l\u00f6tt \u00e9s a harmadik gomb alatt helyezkedik el, \u00edgy a fels\u0151 gomb takar\u00e1sba ker\u00fcl visel\u00e9skor. Klasszikus v\u00e1laszt\u00e1s az \u00f6lt\u00f6nykedvel\u0151k k\u00f6z\u00f6tt is sportosabb viselethez, mely sor\u00e1n a harmadik gombra nincsen sz\u00fcks\u00e9g.<\/p><p class=\"res-text\"><b>Ticket Pocket:<\/b>\u00a0Keskeny zseb, amely az \u00f6lt\u00f6ny jobb oldal\u00e1n tal\u00e1lhat\u00f3.<\/p><p class=\"res-text\"><b>Tweed:<\/b>\u00a0A tweed durva sz\u00f6v\u00e9s\u0171 anyag, melynek mint\u00e1zata kisebb \u00e9s nagyobb n\u00e9gysz\u00f6geket \u00e1br\u00e1zol. Nagy-Britannia egyik legh\u00edresebb, szimbolikuss\u00e1 v\u00e1lt anyaga.<\/p><p class=\"res-text\"><b>Twill minta:<\/b>\u00a0Diagon\u00e1l vonalakb\u00f3l \u00e1ll\u00f3 mint\u00e1zat, melyben a vonalak a visel\u00e9s \u00e1ltal keletkez\u0151 r\u00e1ncokkal ellent\u00e9tes ir\u00e1nyban futnak.<\/p><p class=\"res-text\"><b>K\u00e9t gombsoros zak\u00f3:<\/b>\u00a0A leggyakrabban alkalmazott gombol\u00e1s, V vonal\u00e1nak k\u00f6sz\u00f6nhet\u0151en a legt\u00f6bb testalkaton mutat\u00f3s.<\/p><p class=\"res-text\"><b>Sliccel\u00e9s:<\/b>\u00a0A sliccel\u00e9s az \u00f6lt\u00f6ny hatoldal\u00e1n (vagy k\u00e9t oldal\u00e1n) tal\u00e1lhat\u00f3 felv\u00e1g\u00e1s, amely funkci\u00f3j\u00e1t tekintve a k\u00f6nnyebb mozg\u00e1st seg\u00edti.<\/p><p class=\"res-text\"><b>Vicu\u00f1a:<\/b>\u00a0a Vicu\u00f1a nagyon ritka \u00e9s finom gyapj\u00fa, mely az Andok magas alpesi ter\u00fcletein \u00e9l\u0151, ritka l\u00e1m\u00e1b\u00f3l sz\u00e1rmazik. Mivel az \u00e1llat nagyon ritka sz\u00e1mban fordul el\u0151, ez\u00e9rt a Vicuna csak nagyon ritk\u00e1n hozz\u00e1f\u00e9rhet\u0151 gyapj\u00fa. Jelenleg a vil\u00e1g legdr\u00e1g\u00e1bban \u00e1rus\u00edtott anyaga.<\/p><p class=\"res-text\"><b>Warp:<\/b>\u00a0A sz\u00f6vetet alkot\u00f3 fonalak l\u00e1ncir\u00e1ny\u00fa sz\u00f6v\u00e9se.<\/p><p class=\"res-text\"><b>Weft:<\/b>\u00a0A sz\u00f6vetet alkot\u00f3 fonalak kereszt- \u00e9s hosszir\u00e1ny\u00fa sz\u00f6v\u00e9se.<\/p><p class=\"res-text\"><b>Ablakkocka minta:<\/b>\u00a0Nagy, n\u00e9gyzet vagy t\u00e9glalap alak\u00fa, ablakok paneleire eml\u00e9keztet\u0151 minta.<\/p><p class=\"res-text\"><b>K\u00e9zel\u0151 vagy hajt\u00f3ka gombok:<\/b>\u00a0A hajt\u00f3ka gombok val\u00f3ban kioldhat\u00f3ak, \u00edgy az \u00f6lt\u00f6ny alatt lehet\u0151s\u00e9g van felhajtani az ing sz\u00e1rait. Ez a gombol\u00e1s csak a szem\u00e9lyre szabott, m\u00e9retre szabott \u00f6lt\u00f6ny\u00f6k saj\u00e1toss\u00e1ga.<\/p><\/div><\/div><\/div><\/div><\/div>\n\t\t\t\t\t\t\t\t\t<div class=\"elementor-tab-title elementor-tab-mobile-title\" aria-selected=\"false\" data-tab=\"5\" role=\"tab\" tabindex=\"-1\" aria-controls=\"elementor-tab-content-2525\" aria-expanded=\"false\"><p id=\"faq\">GYIK<\/p><\/div>\n\t\t\t\t\t<div id=\"elementor-tab-content-2525\" class=\"elementor-tab-content elementor-clearfix\" data-tab=\"5\" role=\"tabpanel\" aria-labelledby=\"elementor-tab-title-2525\" tabindex=\"0\" hidden=\"hidden\"><div class=\"row\"><div class=\"col-12 col-md-8\"><div id=\"v-pills-tabContent\" class=\"tab-content\"><div id=\"v-pills-profile\" class=\"tab-pane fade active show\" role=\"tabpanel\" aria-labelledby=\"v-pills-profile-tab\"><h3 class=\"pia-focim\">GYIK<\/h3><p class=\"res-alcim\">Why buy custom clothing?<\/p><p class=\"res-text\">When your clothing is made for you specifically, you will enjoy the confidence and satisfaction derived from wearing a garment that fits you as no off-the-rack clothing can. You\u2019ll have the assurance that your clothing was made to your specifications and was created using high-quality materials. By commissioning a custom piece of clothing, you can fully customize your garment. You choose each element of the suit or shirt according to your preferences.<\/p><p class=\"res-alcim\">How long does the process take?<\/p><p class=\"res-text\">Suits, separates, and shirts are typically done in 4-6 weeks. Actual lead times may vary depending on the time of year and availability of materials. Please contact us for current lead times.<\/p><p class=\"res-alcim\">How long does a consultation take?<\/p><p class=\"res-text\">The duration of the consultation can vary from 45 minutes to 1 hour, depending upon how long it takes to choose a fabric &amp; design from our selection.<\/p><p class=\"res-alcim\">Is it possible to rush an order? My deadline is sooner than your normal lead time.<\/p><p class=\"res-text\">Yes! Rush orders can usually be accommodated, usually for 2-3-week deliveries, sometimes even faster. Please contact us for our current ability to accept a rush order as actual lead times vary depending on the time of year. A 10% surcharge is applied to rush orders.<\/p><p class=\"res-alcim\">Will I be allowed to get my own fabric?<\/p><p class=\"res-text\">No, we do not offer our design and tailoring services for fabrics purchased from elsewhere.<\/p><p class=\"res-alcim\">Can I bring in a picture of a style that I like or a suit I like the fit of?<\/p><p class=\"res-text\">Reference images are more than welcome as it helps us understand your requirements.<\/p><p class=\"res-alcim\">Will I need to pay a deposit?<\/p><p class=\"res-text\">We require a 50% deposit at the time of order for the ensemble, with the balance due on the final delivery of the garments. Payment can be made by cash, bank transfer or card.<\/p><p class=\"res-alcim\">Do I need to make an appointment?<\/p><p class=\"res-text\">A prior appointment is required for our services, you can book an appointment on our Contact us Page.<\/p><p class=\"res-alcim\">Does SA offer worldwide shipping?<\/p><p class=\"res-text\">Yes! All international orders are shipped via TNT\/DHL and are delivered within 6-10 business days. If you don\u2019t see your country listed in our shipping list, please let us know by emailing us at info@stanahuja.com and we\u2019ll add your country right away. Shipping rates vary by country.<\/p><p class=\"res-alcim\">Do online purchases come with a warranty?<\/p><p class=\"res-text\">Online purchases do come with a warranty, for both our ready-to-wear products and custom products. We offer a full refund for any ready-to-wear product returned in a new and unworn condition (e.g. shoes cannot have been worn outside and shouldn&#8217;t show any wear on the sole), including all tags and packaging, with the original receipt within 30 days of purchase. Simply email us at info@stanahuja.com to let us know that you would like a refund. Online made-to-order commissions cannot be returned as they are made with unique measurements, but we offer alteration credit for any adjustments that may be required.<\/p><p class=\"res-alcim\">What are the payment methods accepted by SA?<\/p><p class=\"res-text\">We accept several payment methods: online payment through Visa, MasterCard and PayPal, bank transfer and cash on delivery (at any of our Boutiques).<\/p><p class=\"res-alcim\">Can I buy gift cards?<\/p><p class=\"res-text\">Yes, gift cards can be purchased online or in any of our boutiques. Please feel free to contact us on\u00a0<a class=\"link3\" href=\"http:\/\/stanahuja.com\/hu\/public\/contact.blade.php\/\">info@stanahuja.com<\/a>for more information.<\/p><\/div><\/div><\/div><\/div><\/div>\n\t\t\t\t\t\t\t<\/div>\n\t\t<\/div>\n\t\t\t\t\t\t<\/div>\n\t\t\t\t<\/div>\n\t\t\t\t\t<\/div>\n\t\t\t\t<\/div>\n\t\t\t\t\t<\/div>\n\t\t\t\t<\/div>\n\t\t\t\t<\/div>","protected":false},"excerpt":{"rendered":"<p>Care Instructions Guarantee and returns Privacy policy Glossary of terms FAQ Care Instructions Care Instructions SUITS Wool is a remarkable fiber. It\u2019s all-natural, renewable, and biodegradable. It performs incredibly well across different seasons and climates. It\u2019s a natural insulator, but its unique properties make it breathable as well, depending on the warmth and humidity surrounding [&hellip;]<\/p>\n","protected":false},"author":1,"featured_media":0,"parent":0,"menu_order":0,"comment_status":"closed","ping_status":"closed","template":"","meta":{"_seopress_robots_primary_cat":"","_seopress_titles_title":"","_seopress_titles_desc":"","_seopress_robots_index":"","footnotes":""},"class_list":["post-806","page","type-page","status-publish","hentry"],"_links":{"self":[{"href":"https:\/\/stanahuja.com\/hu\/wp-json\/wp\/v2\/pages\/806","targetHints":{"allow":["GET"]}}],"collection":[{"href":"https:\/\/stanahuja.com\/hu\/wp-json\/wp\/v2\/pages"}],"about":[{"href":"https:\/\/stanahuja.com\/hu\/wp-json\/wp\/v2\/types\/page"}],"author":[{"embeddable":true,"href":"https:\/\/stanahuja.com\/hu\/wp-json\/wp\/v2\/users\/1"}],"replies":[{"embeddable":true,"href":"https:\/\/stanahuja.com\/hu\/wp-json\/wp\/v2\/comments?post=806"}],"version-history":[{"count":71,"href":"https:\/\/stanahuja.com\/hu\/wp-json\/wp\/v2\/pages\/806\/revisions"}],"predecessor-version":[{"id":1985,"href":"https:\/\/stanahuja.com\/hu\/wp-json\/wp\/v2\/pages\/806\/revisions\/1985"}],"wp:attachment":[{"href":"https:\/\/stanahuja.com\/hu\/wp-json\/wp\/v2\/media?parent=806"}],"curies":[{"name":"wp","href":"https:\/\/api.w.org\/{rel}","templated":true}]}}